{"id":284,"date":"2022-07-25T14:52:27","date_gmt":"2022-07-25T14:52:27","guid":{"rendered":"https:\/\/mj.innovative-lab.de\/?page_id=284"},"modified":"2022-07-25T15:46:12","modified_gmt":"2022-07-25T15:46:12","slug":"datenschutzerklaerung","status":"publish","type":"page","link":"https:\/\/graphix.muensterland.works\/index.php\/datenschutzerklaerung\/","title":{"rendered":"Datenschutzerkl\u00e4rung"},"content":{"rendered":"\t\t<div data-elementor-type=\"wp-page\" data-elementor-id=\"284\" class=\"elementor elementor-284\">\n\t\t\t\t\t\t<div class=\"elementor-inner\">\n\t\t\t\t<div class=\"elementor-section-wrap\">\n\t\t\t\t\t\t\t\t\t<section class=\"elementor-section elementor-top-section elementor-element elementor-element-571002eb elementor-section-boxed elementor-section-height-default elementor-section-height-default\" data-id=\"571002eb\" data-element_type=\"section\">\n\t\t\t\t\t\t<div class=\"elementor-container elementor-column-gap-default\">\n\t\t\t\t\t\t\t<div class=\"elementor-row\">\n\t\t\t\t\t<div class=\"elementor-column elementor-col-100 elementor-top-column elementor-element elementor-element-7ed6c528\" data-id=\"7ed6c528\" data-element_type=\"column\">\n\t\t\t<div class=\"elementor-column-wrap elementor-element-populated\">\n\t\t\t\t\t\t\t<div class=\"elementor-widget-wrap\">\n\t\t\t\t\t\t<div class=\"elementor-element elementor-element-90d9161 elementor-widget elementor-widget-button\" data-id=\"90d9161\" data-element_type=\"widget\" data-widget_type=\"button.default\">\n\t\t\t\t<div class=\"elementor-widget-container\">\n\t\t\t\t\t<div class=\"elementor-button-wrapper\">\n\t\t\t<a href=\"https:\/\/graphix.muensterland.works\/index.php\/hautzentrum-duelmen-ausbildung\/\" class=\"elementor-button-link elementor-button elementor-size-sm\" role=\"button\">\n\t\t\t\t\t\t<span class=\"elementor-button-content-wrapper\">\n\t\t\t\t\t\t<span class=\"elementor-button-text\">Zur\u00fcck zur Startseite<\/span>\n\t\t<\/span>\n\t\t\t\t\t<\/a>\n\t\t<\/div>\n\t\t\t\t<\/div>\n\t\t\t\t<\/div>\n\t\t\t\t<div class=\"elementor-element elementor-element-3f3c0bff elementor-widget elementor-widget-text-editor\" data-id=\"3f3c0bff\" data-element_type=\"widget\" data-widget_type=\"text-editor.default\">\n\t\t\t\t<div class=\"elementor-widget-container\">\n\t\t\t\t\t\t\t\t<div class=\"elementor-text-editor elementor-clearfix\">\n\t\t\t\t<!-- wp:heading -->\n<div class=\"fusion-title title fusion-title-1 fusion-sep-none fusion-title-text fusion-title-size-one fusion-border-below-title\">\n<h1 class=\"title-heading-left fusion-responsive-typography-calculated\" data-fontsize=\"24\" data-lineheight=\"34.08000183105469px\">Datenschutzerkl\u00e4rung<\/h1>\n<p>\u00a0<\/p>\n<\/div>\n<div class=\"fusion-text fusion-text-1\">\n<p><span class=\"Apple-converted-space\">\u00a0<\/span>Stand: Juni 2019<\/p>\n<hr \/>\n<p><span class=\"Apple-converted-space\">\u00a0<\/span><b>I. Name und Anschrift des Verantwortlichen<span class=\"Apple-converted-space\">\u00a0<\/span><\/b><\/p>\n<p>Der Verantwortliche im Sinne der Datenschutz-Grundverordnung und anderer nationaler Datenschutzgesetze der Mitgliedstaaten sowie sonstiger datenschutzrechtlicher Bestimmungen ist die:<span class=\"Apple-converted-space\">\u00a0<\/span><\/p>\n<p>Graphix D\u00fcsseldorf GmbH<br \/>Kaistra\u00dfe 5<br \/>40221 D\u00fcsseldorf<br \/>Deutschland<br \/>0211 94 250 100<br \/><a href=\"mailto:welcome@graphix-duesseldorf.de\">welcome@graphix-duesseldorf.de<\/a><br \/><a href=\"https:\/\/www.graphix-duesseldorf.de\/\">https:\/\/www.graphix-duesseldorf.de<span class=\"Apple-converted-space\">\u00a0<\/span><\/a><\/p>\n<hr \/>\n<p><b>II. Kontaktdaten des Datenschutzbeauftragten<span class=\"Apple-converted-space\">\u00a0<\/span><\/b><\/p>\n<p>Der Datenschutzbeauftragte des Verantwortlichen ist:<span class=\"Apple-converted-space\">\u00a0<\/span><\/p>\n<p>DataCo GmbH<br \/>Dachauer Stra\u00dfe 65<br \/>80335 M\u00fcnchen<br \/>Deutschland<br \/>+49 89 7400 45840<br \/><a href=\"http:\/\/www.dataguard.de\/\">www.dataguard.de <\/a><\/p>\n<p>vertreten durch den Gesch\u00e4ftsf\u00fchrer Kivanc Semen<\/p>\n<hr \/>\n<p><b>III. Allgemeines zur Datenverarbeitung<span class=\"Apple-converted-space\">\u00a0<\/span><\/b><\/p>\n<p><span class=\"Apple-converted-space\">\u00a0<\/span>1. Umfang der Verarbeitung personenbezogener Daten<span class=\"Apple-converted-space\">\u00a0<\/span><\/p>\n<p><span class=\"Apple-converted-space\">\u00a0<\/span>Wir verarbeiten personenbezogene Daten unserer Nutzer grunds\u00e4tzlich nur, soweit dies zur Bereitstellung einer funktionsf\u00e4higen Webseite sowie unserer Inhalte und Leistungen erforderlich ist. Die Verarbeitung personenbezogener Daten unserer Nutzer erfolgt regelm\u00e4\u00dfig nur nach Einwilligung des Nutzers. Eine Ausnahme gilt in solchen F\u00e4llen, in denen eine vorherige Einholung einer Einwilligung aus tats\u00e4chlichen Gr\u00fcnden nicht m\u00f6glich ist und die Verarbeitung der Daten durch gesetzliche Vorschriften erforderlich ist.<span class=\"Apple-converted-space\">\u00a0<\/span><\/p>\n<p>2. Rechtsgrundlage f\u00fcr die Verarbeitung personenbezogener Daten<span class=\"Apple-converted-space\">\u00a0<\/span><\/p>\n<p>Soweit wir f\u00fcr Verarbeitungsvorg\u00e4nge personenbezogener Daten eine Einwilligung der betroffenen Person einholen, dient Art. 6 Abs. 1 S. 1 lit. a EU-Datenschutzgrundverordnung (DSGVO) als Rechtsgrundlage.<span class=\"Apple-converted-space\">\u00a0<\/span><\/p>\n<p>Bei der Verarbeitung von personenbezogenen Daten, die zur Erf\u00fcllung eines Vertrages, dessen Vertragspartei die betroffene Person ist, erforderlich ist, dient Art. 6 Abs. 1 S. 1 lit. b DSGVO als Rechtsgrundlage. Dies gilt auch f\u00fcr Verarbeitungsvorg\u00e4nge, die zur Durchf\u00fchrung vorvertraglicher Ma\u00dfnahmen erforderlich sind.<span class=\"Apple-converted-space\">\u00a0<\/span><\/p>\n<p>Soweit eine Verarbeitung personenbezogener Daten zur Erf\u00fcllung einer rechtlichen Verpflichtung erforderlich ist, der unser Unternehmen unterliegt, dient Art. 6 Abs. 1 S. 1 lit. c DSGVO als Rechtsgrundlage.<span class=\"Apple-converted-space\">\u00a0<\/span><\/p>\n<p>F\u00fcr den Fall, dass lebenswichtige Interessen der betroffenen Person oder einer anderen nat\u00fcrlichen Person eine Verarbeitung personenbezogener Daten erforderlich machen, dient Art. 6 Abs. 1 S. 1 lit. d DSGVO als Rechtsgrundlage.<span class=\"Apple-converted-space\">\u00a0<\/span><\/p>\n<p>Ist die Verarbeitung zur Wahrung eines berechtigten Interesses unseres Unternehmens oder eines Dritten erforderlich und \u00fcberwiegen die Interessen, Grundrechte und Grundfreiheiten des Betroffenen das erstgenannte Interesse nicht, so dient Art. 6 Abs. 1 S. 1 lit. f DSGVO als Rechtsgrundlage f\u00fcr die Verarbeitung.<span class=\"Apple-converted-space\">\u00a0<\/span><\/p>\n<p>3. Datenl\u00f6schung und Speicherdauer<span class=\"Apple-converted-space\">\u00a0<\/span><\/p>\n<p>Die personenbezogenen Daten der betroffenen Person werden gel\u00f6scht oder gesperrt, sobald der Zweck der Speicherung entf\u00e4llt. Eine Speicherung kann dar\u00fcber hinaus erfolgen, wenn dies durch den europ\u00e4ischen oder nationalen Gesetzgeber in unionsrechtlichen Verordnungen, Gesetzen oder sonstigen Vorschriften, denen der Verantwortliche unterliegt, vorgesehen wurde. Eine Sperrung oder L\u00f6schung der Daten erfolgt auch dann, wenn eine durch die genannten Normen vorgeschriebene Speicherfrist abl\u00e4uft, es sei denn, dass eine Erforderlichkeit zur weiteren Speicherung der Daten f\u00fcr einen Vertragsabschluss oder eine Vertragserf\u00fcllung besteht.<span class=\"Apple-converted-space\">\u00a0<\/span><\/p>\n<hr \/>\n<p><b>IV. Rechte der betroffenen Person<\/b><\/p>\n<p>Werden personenbezogene Daten von Ihnen verarbeitet, sind Sie Betroffener i.S.d. DSGVO und es stehen Ihnen folgende Rechte gegen\u00fcber dem Verantwortlichen zu:<span class=\"Apple-converted-space\">\u00a0<\/span><\/p>\n<p>1. Auskunftsrecht<span class=\"Apple-converted-space\">\u00a0<\/span><\/p>\n<p>Sie k\u00f6nnen von dem Verantwortlichen eine Best\u00e4tigung dar\u00fcber verlangen, ob personenbezogene Daten, die Sie betreffen, von ihm verarbeitet werden.<span class=\"Apple-converted-space\">\u00a0<\/span><\/p>\n<p>Liegt eine solche Verarbeitung vor, k\u00f6nnen Sie von dem Verantwortlichen \u00fcber folgende Informationen Auskunft verlangen:<span class=\"Apple-converted-space\">\u00a0<\/span><\/p>\n<p>1. die Zwecke, zu denen die personenbezogenen Daten verarbeitet werden;<span class=\"Apple-converted-space\">\u00a0<\/span><\/p>\n<p>2. die Kategorien von personenbezogenen Daten, welche verarbeitet werden;<span class=\"Apple-converted-space\">\u00a0<\/span><\/p>\n<p>3. die Empf\u00e4nger bzw. die Kategorien von Empf\u00e4ngern, gegen\u00fcber denen die Sie betreffenden personenbezogenen Daten offengelegt wurden oder noch offengelegt werden;<span class=\"Apple-converted-space\">\u00a0<\/span><\/p>\n<p>4. die geplante Dauer der Speicherung der Sie betreffenden personenbezogenen Daten oder, falls konkrete Angaben hierzu nicht m\u00f6glich sind, Kriterien f\u00fcr die Festlegung der Speicherdauer;<span class=\"Apple-converted-space\">\u00a0<\/span><\/p>\n<p>5. das Bestehen eines Rechts auf Berichtigung oder L\u00f6schung der Sie betreffenden personenbezogenen Daten, eines Rechts auf Einschr\u00e4nkung der Verarbeitung durch den Verantwortlichen oder eines Widerspruchsrechts gegen diese Verarbeitung;<span class=\"Apple-converted-space\">\u00a0<\/span><\/p>\n<p>6. das Bestehen eines Beschwerderechts bei einer Aufsichtsbeh\u00f6rde;<span class=\"Apple-converted-space\">\u00a0<\/span><\/p>\n<p>7. alle verf\u00fcgbaren Informationen \u00fcber die Herkunft der Daten, wenn die personenbezogenen Daten nicht bei der betroffenen Person erhoben werden;<span class=\"Apple-converted-space\">\u00a0<\/span><\/p>\n<p>8. das Bestehen einer automatisierten Entscheidungsfindung einschlie\u00dflich Profiling gem\u00e4\u00df Art. 22 Abs. 1 und 4 DSGVO und zumindest in diesen F\u00e4llen \u2013 aussagekr\u00e4ftige Informationen \u00fcber die involvierte Logik sowie die Tragweite und die angestrebten Auswirkungen einer derartigen Verarbeitung f\u00fcr die betroffene Person.<span class=\"Apple-converted-space\">\u00a0<\/span><\/p>\n<p>Ihnen steht das Recht zu, Auskunft dar\u00fcber zu verlangen, ob die Sie betreffenden personenbezogenen Daten in ein Drittland oder an eine internationale Organisation \u00fcbermittelt werden. In diesem Zusammenhang k\u00f6nnen Sie verlangen, \u00fcber die geeigneten Garantien gem. Art. 46 DSGVO im Zusammenhang mit der \u00dcbermittlung unterrichtet zu werden.<span class=\"Apple-converted-space\">\u00a0<\/span><\/p>\n<p>Dieses Auskunftsrecht kann insoweit beschr\u00e4nkt werden, als es voraussichtlich die Verwirklichung der Forschungs- oder Statistikzwecke unm\u00f6glich macht oder ernsthaft\u00a0beeintr\u00e4chtigt und die Beschr\u00e4nkung f\u00fcr die Erf\u00fcllung der Forschungs- oder Statistikzwecke notwendig ist.<span class=\"Apple-converted-space\">\u00a0<\/span><\/p>\n<p>2. Recht auf Berichtigung<span class=\"Apple-converted-space\">\u00a0<\/span><\/p>\n<p>Sie haben ein Recht auf Berichtigung und\/oder Vervollst\u00e4ndigung gegen\u00fcber dem Verantwortlichen, sofern die verarbeiteten personenbezogenen Daten, die Sie betreffen, unrichtig oder unvollst\u00e4ndig sind. Der Verantwortliche hat die Berichtigung unverz\u00fcglich vorzunehmen.<span class=\"Apple-converted-space\">\u00a0<\/span><\/p>\n<p>Ihr Recht auf Berichtigung kann insoweit beschr\u00e4nkt werden, als es voraussichtlich die Verwirklichung der Forschungs- oder Statistikzwecke unm\u00f6glich macht oder ernsthaft beeintr\u00e4chtigt und die Beschr\u00e4nkung f\u00fcr die Erf\u00fcllung der Forschungs- oder Statistikzwecke notwendig ist.<span class=\"Apple-converted-space\">\u00a0<\/span><\/p>\n<p>3. Recht auf Einschr\u00e4nkung der Verarbeitung<span class=\"Apple-converted-space\">\u00a0<\/span><\/p>\n<p>Unter den folgenden Voraussetzungen k\u00f6nnen Sie die Einschr\u00e4nkung der Verarbeitung der Sie betreffenden personenbezogenen Daten verlangen:<\/p>\n<p>\u2022 wenn Sie die Richtigkeit der Sie betreffenden personenbezogenen Daten f\u00fcr eine Dauer bestreiten, die es dem Verantwortlichen erm\u00f6glicht, die Richtigkeit der personenbezogenen Daten zu \u00fcberpr\u00fcfen;<span class=\"Apple-converted-space\">\u00a0<\/span><\/p>\n<p>\u2022 die Verarbeitung unrechtm\u00e4\u00dfig ist und Sie die L\u00f6schung der personenbezogenen Daten ablehnen und stattdessen die Einschr\u00e4nkung der Nutzung der personenbezogenen Daten verlangen;<span class=\"Apple-converted-space\">\u00a0<\/span><\/p>\n<p>\u2022 der Verantwortliche die personenbezogenen Daten f\u00fcr die Zwecke der Verarbeitung nicht l\u00e4nger ben\u00f6tigt, Sie diese jedoch zur Geltendmachung, Aus\u00fcbung oder Verteidigung von Rechtsanspr\u00fcchen ben\u00f6tigen, oder<span class=\"Apple-converted-space\">\u00a0<\/span><\/p>\n<p>\u2022 wenn Sie Widerspruch gegen die Verarbeitung gem\u00e4\u00df Art. 21 Abs. 1 DSGVO eingelegt haben und noch nicht feststeht, ob die berechtigten Gr\u00fcnde des Verantwortlichen gegen\u00fcber Ihren Gr\u00fcnden \u00fcberwiegen.<span class=\"Apple-converted-space\">\u00a0<\/span><\/p>\n<p>Wurde die Verarbeitung der Sie betreffenden personenbezogenen Daten eingeschr\u00e4nkt, d\u00fcrfen diese Daten \u2013 von ihrer Speicherung abgesehen \u2013 nur mit Ihrer Einwilligung oder zur Geltendmachung, Aus\u00fcbung oder Verteidigung von Rechtsanspr\u00fcchen oder zum Schutz der Rechte einer anderen nat\u00fcrlichen oder juristischen Person oder aus Gr\u00fcnden eines wichtigen \u00f6ffentlichen Interesses der Union oder eines Mitgliedstaats verarbeitet werden.<span class=\"Apple-converted-space\">\u00a0<\/span><\/p>\n<p>Wurde die Einschr\u00e4nkung der Verarbeitung nach den o.g. Voraussetzungen eingeschr\u00e4nkt, werden Sie von dem Verantwortlichen unterrichtet bevor die Einschr\u00e4nkung aufgehoben wird.<span class=\"Apple-converted-space\">\u00a0<\/span><\/p>\n<p>Ihr Recht auf Einschr\u00e4nkung der Verarbeitung kann insoweit beschr\u00e4nkt werden, als es voraussichtlich die Verwirklichung der Forschungs- oder Statistikzwecke unm\u00f6glich macht oder ernsthaft beeintr\u00e4chtigt und die Beschr\u00e4nkung f\u00fcr die Erf\u00fcllung der Forschungs- oder Statistikzwecke notwendig ist.<span class=\"Apple-converted-space\">\u00a0<\/span><\/p>\n<p>4. Recht auf L\u00f6schung<span class=\"Apple-converted-space\">\u00a0<\/span><\/p>\n<p>a) L\u00f6schungspflicht<span class=\"Apple-converted-space\">\u00a0<\/span><\/p>\n<p>Sie k\u00f6nnen von dem Verantwortlichen verlangen, dass die Sie betreffenden personenbezogenen Daten unverz\u00fcglich gel\u00f6scht werden, und der Verantwortliche ist verpflichtet, diese Daten unverz\u00fcglich zu l\u00f6schen, sofern einer der folgenden Gr\u00fcnde zutrifft:<\/p>\n<p>1. Die Sie betreffenden personenbezogenen Daten sind f\u00fcr die Zwecke, f\u00fcr die sie erhoben oder auf sonstige Weise verarbeitet wurden, nicht mehr notwendig.<span class=\"Apple-converted-space\">\u00a0<\/span><\/p>\n<p>2. Sie widerrufen Ihre Einwilligung, auf die sich die Verarbeitung gem. Art. 6 Abs. 1 S. 1 lit. a oder Art. 9 Abs. 2 lit. a DSGVO st\u00fctzte, und es fehlt an einer anderweitigen Rechtsgrundlage f\u00fcr die Verarbeitung.<span class=\"Apple-converted-space\">\u00a0<\/span><\/p>\n<p>3. Sie legen gem. Art. 21 Abs. 1 DSGVO Widerspruch gegen die Verarbeitung ein und es liegen keine vorrangigen berechtigten Gr\u00fcnde f\u00fcr die Verarbeitung vor, oder Sie legen gem. Art. 21 Abs. 2 DSGVO Widerspruch gegen die Verarbeitung ein.<span class=\"Apple-converted-space\">\u00a0<\/span><\/p>\n<p>4. Die Sie betreffenden personenbezogenen Daten wurden unrechtm\u00e4\u00dfig verarbeitet.<span class=\"Apple-converted-space\">\u00a0<\/span><\/p>\n<p>5. Die L\u00f6schung der Sie betreffenden personenbezogenen Daten ist zur Erf\u00fcllung einer rechtlichen Verpflichtung nach dem Unionsrecht oder dem Recht der Mitgliedstaaten erforderlich, dem der Verantwortliche unterliegt.<span class=\"Apple-converted-space\">\u00a0<\/span><\/p>\n<p>6. Die Sie betreffenden personenbezogenen Daten wurden in Bezug auf angebotene Dienste der Informationsgesellschaft gem\u00e4\u00df Art. 8 Abs. 1 DSGVO erhoben.<span class=\"Apple-converted-space\">\u00a0<\/span><\/p>\n<p>b) Informationen an Dritte<\/p>\n<p>Hat der Verantwortliche die Sie betreffenden personenbezogenen Daten \u00f6ffentlich gemacht und ist er gem. Art. 17 Abs. 1 DSGVO zu deren L\u00f6schung verpflichtet, so trifft er unter Ber\u00fccksichtigung der verf\u00fcgbaren Technologie und der Implementierungskosten angemessene Ma\u00dfnahmen, auch technischer Art, um f\u00fcr die Datenverarbeitung Verantwortliche, die die personenbezogenen Daten verarbeiten,<span class=\"Apple-converted-space\">\u00a0<\/span>dar\u00fcber zu informieren, dass Sie als betroffene Person von ihnen die L\u00f6schung aller Links zu diesen personenbezogenen Daten oder von Kopien oder Replikationen dieser personenbezogenen Daten verlangt haben.<span class=\"Apple-converted-space\">\u00a0<\/span><\/p>\n<p>c) Ausnahmen<span class=\"Apple-converted-space\">\u00a0<\/span><\/p>\n<p>Das Recht auf L\u00f6schung besteht nicht, soweit die Verarbeitung erforderlich ist<\/p>\n<p>1. zur Aus\u00fcbung des Rechts auf freie Meinungs\u00e4u\u00dferung und Information;<span class=\"Apple-converted-space\">\u00a0<\/span><\/p>\n<p>2. zur Erf\u00fcllung einer rechtlichen Verpflichtung, die die Verarbeitung nach dem Recht der Union oder der Mitgliedstaaten, dem der Verantwortliche unterliegt, erfordert, oder zur Wahrnehmung einer Aufgabe, die im \u00f6ffentlichen Interesse liegt oder in Aus\u00fcbung \u00f6ffentlicher Gewalt erfolgt, die dem Verantwortlichen \u00fcbertragen wurde;<span class=\"Apple-converted-space\">\u00a0<\/span><\/p>\n<p>3. aus Gr\u00fcnden des \u00f6ffentlichen Interesses im Bereich der \u00f6ffentlichen Gesundheit gem\u00e4\u00df Art. 9 Abs. 2 lit. h und i sowie Art. 9 Abs. 3 DSGVO;<span class=\"Apple-converted-space\">\u00a0<\/span><\/p>\n<p>4. f\u00fcr im \u00f6ffentlichen Interesse liegende Archivzwecke, wissenschaftliche oder historische Forschungszwecke oder f\u00fcr statistische Zwecke gem. Art. 89 Abs. 1 DSGVO, soweit das unter Abschnitt a) genannte Recht voraussichtlich die Verwirklichung der Ziele dieser Verarbeitung unm\u00f6glich macht oder ernsthaft beeintr\u00e4chtigt, oder<span class=\"Apple-converted-space\">\u00a0<\/span><\/p>\n<p>5. zur Geltendmachung, Aus\u00fcbung oder Verteidigung von Rechtsanspr\u00fcchen.<\/p>\n<p>5. Recht auf Unterrichtung<span class=\"Apple-converted-space\">\u00a0<\/span><\/p>\n<p>Haben Sie das Recht auf Berichtigung, L\u00f6schung oder Einschr\u00e4nkung der Verarbeitung gegen\u00fcber dem Verantwortlichen geltend gemacht, ist dieser verpflichtet, allen Empf\u00e4ngern, denen die Sie betreffenden personenbezogenen Daten offengelegt wurden, diese Berichtigung oder L\u00f6schung der Daten oder Einschr\u00e4nkung der Verarbeitung mitzuteilen, es sei denn, dies erweist sich als unm\u00f6glich oder ist mit einem unverh\u00e4ltnism\u00e4\u00dfigen Aufwand verbunden.<span class=\"Apple-converted-space\">\u00a0<\/span><\/p>\n<p>Ihnen steht gegen\u00fcber dem Verantwortlichen das Recht zu, \u00fcber diese Empf\u00e4nger unterrichtet zu werden.<span class=\"Apple-converted-space\">\u00a0<\/span><\/p>\n<p>6. Recht auf Daten\u00fcbertragbarkeit<span class=\"Apple-converted-space\">\u00a0<\/span><\/p>\n<p>Sie haben das Recht, die Sie betreffenden personenbezogenen Daten, die Sie dem Verantwortlichen bereitgestellt haben, in einem strukturierten, g\u00e4ngigen und maschinenlesbaren Format zu erhalten. Au\u00dferdem haben Sie das Recht diese Daten\u00a0einem anderen Verantwortlichen ohne Behinderung durch den Verantwortlichen, dem die personenbezogenen Daten bereitgestellt wurden, zu \u00fcbermitteln, sofern<span class=\"Apple-converted-space\">\u00a0<\/span><\/p>\n<p>1. die Verarbeitung auf einer Einwilligung gem. Art. 6 Abs. 1 S. 1 lit. a DSGVO oder Art. 9 Abs. 2 lit. a DSGVO oder auf einem Vertrag gem. Art. 6 Abs. 1 S. 1 lit. b DSGVO beruht und<span class=\"Apple-converted-space\">\u00a0<\/span><\/p>\n<p>2. die Verarbeitung mithilfe automatisierter Verfahren erfolgt.<span class=\"Apple-converted-space\">\u00a0<\/span><\/p>\n<p>In Aus\u00fcbung dieses Rechts haben Sie ferner das Recht, zu erwirken, dass die Sie betreffenden personenbezogenen Daten direkt von einem Verantwortlichen einem anderen Verantwortlichen \u00fcbermittelt werden, soweit dies technisch machbar ist. Freiheiten und Rechte anderer Personen d\u00fcrfen hierdurch nicht beeintr\u00e4chtigt werden.<span class=\"Apple-converted-space\">\u00a0<\/span><\/p>\n<p>Das Recht auf Daten\u00fcbertragbarkeit gilt nicht f\u00fcr eine Verarbeitung personenbezogener Daten, die f\u00fcr die Wahrnehmung einer Aufgabe erforderlich ist, die im \u00f6ffentlichen Interesse liegt oder in Aus\u00fcbung \u00f6ffentlicher Gewalt erfolgt, die dem Verantwortlichen \u00fcbertragen wurde.<span class=\"Apple-converted-space\">\u00a0<\/span><\/p>\n<p>7. Widerspruchsrecht<span class=\"Apple-converted-space\">\u00a0<\/span><\/p>\n<p>Sie haben das Recht, aus Gr\u00fcnden, die sich aus ihrer besonderen Situation ergeben, jederzeit gegen die Verarbeitung der Sie betreffenden personenbezogenen Daten, die aufgrund von Art. 6 Abs. 1 S. 1 lit. e oder f DSGVO erfolgt, Widerspruch einzulegen; dies gilt auch f\u00fcr ein auf diese Bestimmungen gest\u00fctztes Profiling.<span class=\"Apple-converted-space\">\u00a0<\/span><\/p>\n<p>Der Verantwortliche verarbeitet die Sie betreffenden personenbezogenen Daten nicht mehr, es sei denn, er kann zwingende schutzw\u00fcrdige Gr\u00fcnde f\u00fcr die Verarbeitung nachweisen, die Ihre Interessen, Rechte und Freiheiten \u00fcberwiegen, oder die Verarbeitung dient der Geltendmachung, Aus\u00fcbung oder Verteidigung von Rechtsanspr\u00fcchen.<span class=\"Apple-converted-space\">\u00a0<\/span><\/p>\n<p>Werden die Sie betreffenden personenbezogenen Daten verarbeitet, um Direktwerbung zu betreiben, haben Sie das Recht, jederzeit Widerspruch gegen die Verarbeitung der Sie betreffenden personenbezogenen Daten zum Zwecke derartiger Werbung einzulegen; dies gilt auch f\u00fcr das Profiling, soweit es mit solcher Direktwerbung in Verbindung steht.<span class=\"Apple-converted-space\">\u00a0<\/span><\/p>\n<p>Widersprechen Sie der Verarbeitung f\u00fcr Zwecke der Direktwerbung, so werden die Sie betreffenden personenbezogenen Daten nicht mehr f\u00fcr diese Zwecke verarbeitet.<span class=\"Apple-converted-space\">\u00a0<\/span><\/p>\n<p>Sie haben die M\u00f6glichkeit, im Zusammenhang mit der Nutzung von Diensten der Informationsgesellschaft \u2013 ungeachtet der Richtlinie 2002\/58\/EG \u2013 Ihr Widerspruchsrecht mittels automatisierter Verfahren auszu\u00fcben, bei denen technische Spezifikationen verwendet werden.<span class=\"Apple-converted-space\">\u00a0<\/span><\/p>\n<p>Sie haben auch das Recht, aus Gr\u00fcnden, die sich aus Ihrer besonderen Situation ergeben, bei der Verarbeitung Sie betreffender personenbezogener Daten, die zu wissenschaftlichen oder historischen Forschungszwecken oder zu statistischen Zwecken gem. Art. 89 Abs. 1 DSGVO erfolgt, dieser zu widersprechen.<span class=\"Apple-converted-space\">\u00a0<\/span><\/p>\n<p>Ihr Widerspruchsrecht kann insoweit beschr\u00e4nkt werden, als es voraussichtlich die Verwirklichung der Forschungs- oder Statistikzwecke unm\u00f6glich macht oder ernsthaft beeintr\u00e4chtigt und die Beschr\u00e4nkung f\u00fcr die Erf\u00fcllung der Forschungs- oder Statistikzwecke notwendig ist.<span class=\"Apple-converted-space\">\u00a0<\/span><\/p>\n<p>8. Recht auf Widerruf der datenschutzrechtlichen Einwilligungserkl\u00e4rung<span class=\"Apple-converted-space\">\u00a0<\/span><\/p>\n<p>Sie haben das Recht, Ihre datenschutzrechtliche Einwilligungserkl\u00e4rung jederzeit zu widerrufen. Durch den Widerruf der Einwilligung wird die Rechtm\u00e4\u00dfigkeit, der aufgrund der Einwilligung bis zum Widerruf erfolgten Verarbeitung nicht ber\u00fchrt.<span class=\"Apple-converted-space\">\u00a0<\/span><\/p>\n<p>9. Automatisierte Entscheidung im Einzelfall einschlie\u00dflich Profiling<span class=\"Apple-converted-space\">\u00a0<\/span><\/p>\n<p>Sie haben das Recht, nicht einer ausschlie\u00dflich auf einer automatisierten Verarbeitung \u2013 einschlie\u00dflich Profiling \u2013 beruhenden Entscheidung unterworfen zu werden, die Ihnen gegen\u00fcber rechtliche Wirkung entfaltet oder Sie in \u00e4hnlicher Weise erheblich beeintr\u00e4chtigt. Dies gilt nicht, wenn die Entscheidung<span class=\"Apple-converted-space\">\u00a0<\/span><\/p>\n<p>1. f\u00fcr den Abschluss oder die Erf\u00fcllung eines Vertrags zwischen Ihnen und dem Verantwortlichen erforderlich ist,<span class=\"Apple-converted-space\">\u00a0<\/span><\/p>\n<p>2. aufgrund von Rechtsvorschriften der Union oder der Mitgliedstaaten, denen der Verantwortliche unterliegt, zul\u00e4ssig ist und diese Rechtsvorschriften angemessene Ma\u00dfnahmen zur Wahrung Ihrer Rechte und Freiheiten sowie Ihrer berechtigten Interessen enthalten oder<span class=\"Apple-converted-space\">\u00a0<\/span><\/p>\n<p>3. mit Ihrer ausdr\u00fccklichen Einwilligung erfolgt.<span class=\"Apple-converted-space\">\u00a0<\/span><\/p>\n<p>Allerdings d\u00fcrfen diese Entscheidungen nicht auf besonderen Kategorien personenbezogener Daten nach Art. 9 Abs. 1 DSGVO beruhen, sofern nicht Art. 9 Abs. 2 lit. a oder b DSGVO gilt und angemessene Ma\u00dfnahmen zum Schutz der Rechte und Freiheiten sowie Ihrer berechtigten Interessen getroffen wurden.<span class=\"Apple-converted-space\">\u00a0<\/span><\/p>\n<p>Hinsichtlich der in 1. und 3. genannten F\u00e4lle trifft der Verantwortliche angemessene Ma\u00dfnahmen, um die Rechte und Freiheiten sowie Ihre berechtigten Interessen zu wahren, wozu mindestens das Recht auf Erwirkung des Eingreifens einer Person seitens des Verantwortlichen, auf Darlegung des eigenen Standpunkts und auf Anfechtung der Entscheidung geh\u00f6rt.<span class=\"Apple-converted-space\">\u00a0<\/span><\/p>\n<p>10. Recht auf Beschwerde bei einer Aufsichtsbeh\u00f6rde<span class=\"Apple-converted-space\">\u00a0<\/span><\/p>\n<p>Unbeschadet eines anderweitigen verwaltungsrechtlichen oder gerichtlichen Rechtsbehelfs steht Ihnen das Recht auf Beschwerde bei einer Aufsichtsbeh\u00f6rde, insbesondere in dem Mitgliedstaat Ihres Aufenthaltsorts, Ihres Arbeitsplatzes oder des Orts des mutma\u00dflichen Versto\u00dfes, zu, wenn Sie der Ansicht sind, dass die Verarbeitung der Sie betreffenden personenbezogenen Daten gegen die DSGVO verst\u00f6\u00dft.<span class=\"Apple-converted-space\">\u00a0<\/span><\/p>\n<p>Die Aufsichtsbeh\u00f6rde, bei der die Beschwerde eingereicht wurde, unterrichtet den Beschwerdef\u00fchrer \u00fcber den Stand und die Ergebnisse der Beschwerde einschlie\u00dflich der M\u00f6glichkeit eines gerichtlichen Rechtsbehelfs nach Art. 78 DSGVO.<span class=\"Apple-converted-space\">\u00a0<\/span><\/p>\n<hr \/>\n<p><b>V. Bereitstellung der Webseite und Erstellung der Logfiles<span class=\"Apple-converted-space\">\u00a0<\/span><\/b><\/p>\n<p>1. Beschreibung und Umfang der Datenverarbeitung<span class=\"Apple-converted-space\">\u00a0<\/span><\/p>\n<p>Bei jedem Aufruf unserer Internetseite erfasst unser System automatisiert Daten und Informationen vom Computersystem des aufrufenden Rechners.<span class=\"Apple-converted-space\"><br \/><\/span><\/p>\n<p>Folgende Daten werden hierbei erhoben:<span class=\"Apple-converted-space\"><br \/><\/span><\/p>\n<p>\u2022 Informationen \u00fcber den Browsertyp und die verwendete Version<span class=\"Apple-converted-space\">\u00a0<\/span><\/p>\n<p>\u2022 Das Betriebssystem des Nutzers<span class=\"Apple-converted-space\">\u00a0<\/span><\/p>\n<p>\u2022 Den Internet-Service-Provider des Nutzers<span class=\"Apple-converted-space\">\u00a0<\/span><\/p>\n<p>\u2022 Die IP-Adresse des Nutzers<span class=\"Apple-converted-space\">\u00a0<\/span><\/p>\n<p>\u2022 Datum und Uhrzeit des Zugriffs<span class=\"Apple-converted-space\">\u00a0<\/span><\/p>\n<p>\u2022 Webseiten, von denen das System des Nutzers auf unsere Internetseite gelangt<\/p>\n<p>Diese Daten werden in den Logfiles unseres Systems gespeichert. Eine Speicherung dieser Daten zusammen mit anderen personenbezogenen Daten des Nutzers findet nicht statt.<span class=\"Apple-converted-space\">\u00a0<\/span><\/p>\n<p>2. Zweck der Datenverarbeitung<\/p>\n<p>Die vor\u00fcbergehende Speicherung der IP-Adresse durch das System ist notwendig, um eine Auslieferung der Webseite an den Rechner des Nutzers zu erm\u00f6glichen. Hierf\u00fcr muss die IP-Adresse des Nutzers f\u00fcr die Dauer der Sitzung gespeichert bleiben.<span class=\"Apple-converted-space\">\u00a0<\/span><\/p>\n<p>Die Speicherung in Logfiles erfolgt, um die Funktionsf\u00e4higkeit der Webseite sicherzustellen. Zudem dienen uns die Daten zur Optimierung der Webseite und zur Sicherstellung der Sicherheit unserer informationstechnischen Systeme. Eine Auswertung der Daten zu Marketingzwecken findet in diesem Zusammenhang nicht statt.<span class=\"Apple-converted-space\">\u00a0<\/span><\/p>\n<p>In diesen Zwecken liegt auch unser berechtigtes Interesse an der Datenverarbeitung nach Art. 6 Abs. 1 S. 1 lit. f DSGVO.<span class=\"Apple-converted-space\">\u00a0<\/span><\/p>\n<p>3. Rechtsgrundlage f\u00fcr die Datenverarbeitung<span class=\"Apple-converted-space\">\u00a0<\/span><\/p>\n<p>Rechtsgrundlage f\u00fcr die vor\u00fcbergehende Speicherung der Daten und der Logfiles ist Art. 6 Abs. 1 S. 1 lit. f DSGVO.<span class=\"Apple-converted-space\">\u00a0<\/span><\/p>\n<p>4. Dauer der Speicherung<span class=\"Apple-converted-space\">\u00a0<\/span><\/p>\n<p>Die Daten werden gel\u00f6scht, sobald sie f\u00fcr die Erreichung des Zweckes ihrer Erhebung nicht mehr erforderlich sind. Im Falle der Erfassung der Daten zur Bereitstellung der Webseite ist dies der Fall, wenn die jeweilige Sitzung beendet ist.<span class=\"Apple-converted-space\">\u00a0<\/span><\/p>\n<p>Im Falle der Speicherung der Daten in Logfiles ist dies nach sp\u00e4testens sieben Tagen der Fall. Eine dar\u00fcberhinausgehende Speicherung ist m\u00f6glich. In diesem Fall werden die IP-Adressen der Nutzer gel\u00f6scht oder verfremdet, sodass eine Zuordnung des aufrufenden Clients nicht mehr m\u00f6glich ist.<span class=\"Apple-converted-space\">\u00a0<\/span><\/p>\n<p>5. Widerspruchs- und Beseitigungsm\u00f6glichkeit<span class=\"Apple-converted-space\">\u00a0<\/span><\/p>\n<p>Die Erfassung der Daten zur Bereitstellung der Webseite und die Speicherung der Daten in Logfiles ist f\u00fcr den Betrieb der Internetseite zwingend erforderlich. Es besteht folglich seitens des Nutzers keine Widerspruchsm\u00f6glichkeit.<span class=\"Apple-converted-space\">\u00a0<\/span><\/p>\n<hr \/>\n<p><b>VI. Verwendung von Cookies<span class=\"Apple-converted-space\">\u00a0<\/span><\/b><\/p>\n<p>1. Beschreibung und Umfang der Datenverarbeitung<span class=\"Apple-converted-space\">\u00a0<\/span><\/p>\n<p>Unsere Webseite verwendet Cookies. Bei Cookies handelt es sich um Textdateien, die im Internetbrowser bzw. vom Internetbrowser auf dem Computersystem des Nutzers\u00a0gespeichert werden. Ruft ein Nutzer eine Webseite auf, so kann ein Cookie auf dem Betriebssystem des Nutzers gespeichert werden. Dieser Cookie enth\u00e4lt eine charakteristische Zeichenfolge, die eine eindeutige Identifizierung des Browsers beim erneuten Aufrufen der Webseite erm\u00f6glicht.<span class=\"Apple-converted-space\">\u00a0<\/span><\/p>\n<p>Wir setzen Cookies ein, um unsere Webseite nutzerfreundlicher zu gestalten. Einige Elemente unserer Internetseite erfordern es, dass der aufrufende Browser auch nach einem Seitenwechsel identifiziert werden kann.<span class=\"Apple-converted-space\">\u00a0<\/span><\/p>\n<p>In die Cookies werden dabei folgende Daten gespeichert und \u00fcbermittelt:<span class=\"Apple-converted-space\">\u00a0<\/span><\/p>\n<p>\u2022\u00a0H\u00e4ufigkeit von Seitenaufrufen<span class=\"Apple-converted-space\">\u00a0<\/span><\/p>\n<p>\u2022 Inanspruchnahme von Webseite-Funktionen<\/p>\n<p>Die auf diese Weise erhobenen Daten der Nutzer werden durch technische Vorkehrungen pseudonymisiert. Daher ist eine Zuordnung der Daten zum aufrufenden Nutzer nicht mehr m\u00f6glich. Die Daten werden nicht gemeinsam mit sonstigen personenbezogenen Daten der Nutzer gespeichert.<span class=\"Apple-converted-space\">\u00a0<\/span><\/p>\n<p>Beim Aufruf unserer Webseite wird der Nutzer \u00fcber die Verwendung von Cookies zu Analysezwecken informiert und seine Einwilligung zur Verarbeitung der in diesem Zusammenhang verwendeten personenbezogenen Daten eingeholt. In diesem Zusammenhang erfolgt auch ein Hinweis auf diese Datenschutzerkl\u00e4rung.<span class=\"Apple-converted-space\">\u00a0<\/span><\/p>\n<p>2. Zweck der Datenverarbeitung<span class=\"Apple-converted-space\">\u00a0<\/span><\/p>\n<p>Der Zweck der Verwendung technisch notwendiger Cookies ist, die Nutzung von Webseiten f\u00fcr die Nutzer zu vereinfachen. Einige Funktionen unserer Internetseite k\u00f6nnen ohne den Einsatz von Cookies nicht angeboten werden. F\u00fcr diese ist es erforderlich, dass der Browser auch nach einem Seitenwechsel wiedererkannt wird.<span class=\"Apple-converted-space\">\u00a0<\/span><\/p>\n<p>F\u00fcr folgende Anwendungen ben\u00f6tigen wir Cookies:<span class=\"Apple-converted-space\">\u00a0<\/span><\/p>\n<p>Beim Besuch unserer Website kann Ihr Surf-Verhalten statistisch ausgewertet werden. Das geschieht vor allem mit Cookies und mit sogenannten Analyseprogrammen. Die Analyse Ihres Surf-Verhaltens erfolgt in der Regel anonym; das Surf-Verhalten kann nicht zu Ihnen zur\u00fcckverfolgt werden. Sie k\u00f6nnen dieser Analyse widersprechen oder sie durch die Nichtbenutzung bestimmter Tools verhindern. Detaillierte Informationen dazu finden Sie in der folgenden Datenschutzerkl\u00e4rung. Sie k\u00f6nnen dieser Analyse widersprechen. \u00dcber die Widerspruchsm\u00f6glichkeiten werden wir Sie in dieser Datenschutzerkl\u00e4rung informieren.<span class=\"Apple-converted-space\">\u00a0<\/span><\/p>\n<p>Die durch technisch notwendige Cookies erhobenen Nutzerdaten werden nicht zur Erstellung von Nutzerprofilen verwendet.<span class=\"Apple-converted-space\">\u00a0<\/span><\/p>\n<p>In diesen Zwecken liegt auch unser berechtigtes Interesse in der Verarbeitung der personenbezogenen Daten nach Art. 6 Abs. 1 S. 1 lit. f DSGVO.<span class=\"Apple-converted-space\">\u00a0<\/span><\/p>\n<p>3. Rechtsgrundlage f\u00fcr die Datenverarbeitung<span class=\"Apple-converted-space\">\u00a0<\/span><\/p>\n<p>Die Rechtsgrundlage f\u00fcr die Verarbeitung personenbezogener Daten unter Verwendung technisch notweniger Cookies ist Art. 6 Abs. 1 S. 1 lit. f DSGVO.<span class=\"Apple-converted-space\">\u00a0<\/span><\/p>\n<p>Die Rechtsgrundlage f\u00fcr die Verarbeitung personenbezogener Daten unter Verwendung von Cookies zu Analysezwecken ist bei Vorliegen einer diesbez\u00fcglichen Einwilligung des Nutzers Art. 6 Abs. 1 S. 1 lit. a DSGVO.<span class=\"Apple-converted-space\">\u00a0<\/span><\/p>\n<p>4. Dauer der Speicherung, Widerspruchs- und Beseitigungsm\u00f6glichkeit<span class=\"Apple-converted-space\">\u00a0<\/span><\/p>\n<p>Cookies werden auf dem Rechner des Nutzers gespeichert und von diesem an unserer Seite \u00fcbermittelt. Daher haben Sie als Nutzer auch die volle Kontrolle \u00fcber die Verwendung von Cookies. Durch eine \u00c4nderung der Einstellungen in Ihrem Internetbrowser k\u00f6nnen Sie die \u00dcbertragung von Cookies deaktivieren oder einschr\u00e4nken. Bereits gespeicherte Cookies k\u00f6nnen jederzeit gel\u00f6scht werden. Dies kann auch automatisiert erfolgen. Werden Cookies f\u00fcr unsere Webseite deaktiviert, k\u00f6nnen m\u00f6glicherweise nicht mehr alle Funktionen der Webseite vollumf\u00e4nglich genutzt werden.<span class=\"Apple-converted-space\">\u00a0<\/span><\/p>\n<p>Falls Sie einen Safari-Browser ab Version 12.1 verwenden, werden Cookies nach sieben Tagen automatisch gel\u00f6scht. Dies betrifft auch Opt-Out-Cookies, die zur Verhinderung von Trackingma\u00dfnahmen gesetzt werden.<span class=\"Apple-converted-space\">\u00a0<\/span><\/p>\n<hr \/>\n<p><b>VII. Newsletter<span class=\"Apple-converted-space\">\u00a0<\/span><\/b><\/p>\n<p>1. Beschreibung und Umfang der Datenverarbeitung<span class=\"Apple-converted-space\">\u00a0<\/span><\/p>\n<p>Auf unserer Internetseite besteht die M\u00f6glichkeit einen kostenfreien Newsletter zu abonnieren. Dabei werden bei der Anmeldung zum Newsletter die Daten aus der Eingabemaske an uns \u00fcbermittelt.<span class=\"Apple-converted-space\">\u00a0<\/span><\/p>\n<p>\u2022 Emailadresse<\/p>\n<p>Es erfolgt im Zusammenhang mit der Datenverarbeitung f\u00fcr den Versand von Newslettern keine Weitergabe der Daten an Dritte. Die Daten werden ausschlie\u00dflich f\u00fcr den Versand des Newsletters verwendet.<span class=\"Apple-converted-space\">\u00a0<\/span><\/p>\n<p>2. Zweck der Datenverarbeitung<span class=\"Apple-converted-space\">\u00a0<\/span><\/p>\n<p>Die Erhebung der Emailadresse des Nutzers dient dazu, den Newsletter zuzustellen.<span class=\"Apple-converted-space\">\u00a0<\/span><\/p>\n<p>Die Erhebung sonstiger personenbezogener Daten im Rahmen des Anmeldevorgangs dient dazu, einen Missbrauch der Dienste oder der verwendeten Emailadresse zu verhindern.<span class=\"Apple-converted-space\">\u00a0<\/span><\/p>\n<p>3. Rechtsgrundlage f\u00fcr die Datenverarbeitung<span class=\"Apple-converted-space\">\u00a0<\/span><\/p>\n<p>Rechtsgrundlage f\u00fcr die Verarbeitung der Daten nach Anmeldung zum Newsletter durch den Nutzer ist bei Vorliegen einer Einwilligung des Nutzers Art. 6 Abs. 1 S. 1 lit. a DSGVO.<span class=\"Apple-converted-space\">\u00a0<\/span><\/p>\n<p>4. Dauer der Speicherung<span class=\"Apple-converted-space\">\u00a0<\/span><\/p>\n<p>Die Daten werden gel\u00f6scht, sobald sie f\u00fcr die Erreichung des Zweckes ihrer Erhebung nicht mehr erforderlich sind. Die Emailadresse des Nutzers wird demnach solange gespeichert, wie das Abonnement des Newsletters aktiv ist.<span class=\"Apple-converted-space\">\u00a0<\/span><\/p>\n<p>Die sonstigen im Rahmen des Anmeldevorgangs erhobenen personenbezogenen Daten werden in der Regel nach einer Frist von sieben Tagen gel\u00f6scht.<span class=\"Apple-converted-space\">\u00a0<\/span><\/p>\n<p>5. Widerspruchs- und Beseitigungsm\u00f6glichkeit<span class=\"Apple-converted-space\">\u00a0<\/span><\/p>\n<p>Das Abonnement des Newsletters kann durch den betroffenen Nutzer jederzeit gek\u00fcndigt werden. Zu diesem Zweck findet sich in jedem Newsletter ein entsprechender Link.<span class=\"Apple-converted-space\">\u00a0<\/span><\/p>\n<p>Hierdurch wird ebenfalls ein Widerruf der Einwilligung der Speicherung der w\u00e4hrend des Anmeldevorgangs erhobenen personenbezogenen Daten erm\u00f6glicht.<span class=\"Apple-converted-space\">\u00a0<\/span><\/p>\n<hr \/>\n<p><b>VIII. Email-Kontakt<span class=\"Apple-converted-space\">\u00a0<\/span><\/b><\/p>\n<p>1. Beschreibung und Umfang der Datenverarbeitung<span class=\"Apple-converted-space\">\u00a0<\/span><\/p>\n<p>Auf unserer Internetseite ist eine Kontaktaufnahme \u00fcber die bereitgestellte Emailadresse m\u00f6glich. In diesem Fall werden die mit der Email \u00fcbermittelten personenbezogenen Daten des Nutzers gespeichert.<span class=\"Apple-converted-space\">\u00a0<\/span><\/p>\n<p>Die Daten werden ausschlie\u00dflich f\u00fcr die Verarbeitung der Konversation verwendet.<span class=\"Apple-converted-space\">\u00a0<\/span><\/p>\n<p>2. Zweck der Datenverarbeitung<span class=\"Apple-converted-space\">\u00a0<\/span><\/p>\n<p>Im Falle einer Kontaktaufnahme per Email liegt hieran auch das erforderliche berechtigte Interesse an der Verarbeitung der Daten.<span class=\"Apple-converted-space\">\u00a0<\/span><\/p>\n<p>3. Rechtsgrundlage f\u00fcr die Datenverarbeitung<span class=\"Apple-converted-space\">\u00a0<\/span><\/p>\n<p>Rechtsgrundlage f\u00fcr die Verarbeitung der Daten ist bei Vorliegen einer Einwilligung des Nutzers Art. 6 Abs. 1 lit. a DSGVO.<span class=\"Apple-converted-space\">\u00a0<\/span><\/p>\n<p>Rechtsgrundlage f\u00fcr die Verarbeitung der Daten, die im Zuge einer \u00dcbersendung einer Email \u00fcbermittelt werden, ist Art. 6 Abs. 1 lit. f DSGVO. Zielt der Email-Kontakt auf den Abschluss eines Vertrages ab, so ist zus\u00e4tzliche Rechtsgrundlage f\u00fcr die Verarbeitung Art. 6 Abs. 1 lit. b DSGVO.<span class=\"Apple-converted-space\">\u00a0<\/span><\/p>\n<p>4. Dauer der Speicherung<span class=\"Apple-converted-space\">\u00a0<\/span><\/p>\n<p>Die Daten werden gel\u00f6scht, sobald sie f\u00fcr die Erreichung des Zweckes ihrer Erhebung nicht mehr erforderlich sind. F\u00fcr die personenbezogenen Daten, die per Email \u00fcbersandt wurden, ist dies dann der Fall, wenn die jeweilige Konversation mit dem Nutzer beendet ist. Beendet ist die Konversation dann, wenn sich aus den Umst\u00e4nden entnehmen l\u00e4sst, dass der betroffene Sachverhalt abschlie\u00dfend gekl\u00e4rt ist.<span class=\"Apple-converted-space\">\u00a0<\/span><\/p>\n<p>Die w\u00e4hrend des Absendevorgangs zus\u00e4tzlich erhobenen personenbezogenen Daten werden sp\u00e4testens nach einer Frist von sieben Tagen gel\u00f6scht.<span class=\"Apple-converted-space\">\u00a0<\/span><\/p>\n<p>5. Widerspruchs- und Beseitigungsm\u00f6glichkeit<span class=\"Apple-converted-space\">\u00a0<\/span><\/p>\n<p>Der Nutzer hat jederzeit die M\u00f6glichkeit, seine Einwilligung zur Verarbeitung der personenbezogenen Daten zu widerrufen. Nimmt der Nutzer per Email Kontakt mit uns auf, so kann er der Speicherung seiner personenbezogenen Daten jederzeit widersprechen. In einem solchen Fall kann die Konversation nicht fortgef\u00fchrt werden.<span class=\"Apple-converted-space\">\u00a0<\/span><\/p>\n<p>Sie k\u00f6nnen Ihre Einwilligung jederzeit f\u00fcr die Zukunft per E-Mail an welcome@graphix-duesseldorf.de widerrufen.<\/p>\n<p>Alle personenbezogenen Daten, die im Zuge der Kontaktaufnahme gespeichert wurden, werden in diesem Fall gel\u00f6scht.<\/p>\n<hr \/>\n<p><b>IX. Kontaktformular<span class=\"Apple-converted-space\">\u00a0<\/span><\/b><\/p>\n<p>1. Beschreibung und Umfang der Datenverarbeitung<span class=\"Apple-converted-space\">\u00a0<\/span><\/p>\n<p>Auf unserer Internetseite ist ein Kontaktformular vorhanden, welches f\u00fcr die elektronische Kontaktaufnahme genutzt werden kann. Nimmt ein Nutzer diese M\u00f6glichkeit wahr, so werden die in der Eingabemaske eingegeben Daten an uns \u00fcbermittelt und gespeichert.<span class=\"Apple-converted-space\">\u00a0<\/span><\/p>\n<p>Im Zeitpunkt der Absendung der Nachricht werden folgende Daten gespeichert:<\/p>\n<p>\u2022 Emailadresse<span class=\"Apple-converted-space\">\u00a0<\/span><\/p>\n<p>\u2022 Name<span class=\"Apple-converted-space\">\u00a0<\/span><\/p>\n<p>\u2022 Vorname<span class=\"Apple-converted-space\">\u00a0<\/span><\/p>\n<p>\u2022 Telefon- \/ Mobilfunknummer<span class=\"Apple-converted-space\">\u00a0<\/span><\/p>\n<p>\u2022 Betreff<span class=\"Apple-converted-space\">\u00a0<\/span><\/p>\n<p>\u2022 Nachricht<span class=\"Apple-converted-space\">\u00a0<\/span><\/p>\n<p>\u2022 IP-Adresse des aufrufenden Rechners<span class=\"Apple-converted-space\">\u00a0<\/span><\/p>\n<p>\u2022 Datum und Uhrzeit der Kontaktaufnahme<\/p>\n<p>F\u00fcr die Verarbeitung der Daten wird im Rahmen des Absendevorgangs Ihre Einwilligung eingeholt und auf diese Datenschutzerkl\u00e4rung verwiesen.<span class=\"Apple-converted-space\">\u00a0<\/span><\/p>\n<p>Alternativ ist eine Kontaktaufnahme \u00fcber die bereitgestellte Emailadresse m\u00f6glich. In diesem Fall werden die mit der Email \u00fcbermittelten personenbezogenen Daten des Nutzers gespeichert.<span class=\"Apple-converted-space\">\u00a0<\/span><\/p>\n<p>Die Daten werden ausschlie\u00dflich f\u00fcr die Verarbeitung der Konversation verwendet.<span class=\"Apple-converted-space\">\u00a0<\/span><\/p>\n<p>2. Zweck der Datenverarbeitung<span class=\"Apple-converted-space\">\u00a0<\/span><\/p>\n<p>Die Verarbeitung der personenbezogenen Daten aus der Eingabemaske dient uns allein zur Bearbeitung der Kontaktaufnahme. Im Falle einer Kontaktaufnahme per Email liegt hieran auch das erforderliche berechtigte Interesse an der Verarbeitung der Daten.<span class=\"Apple-converted-space\">\u00a0<\/span><\/p>\n<p>Die sonstigen w\u00e4hrend des Absendevorgangs verarbeiteten personenbezogenen Daten dienen dazu, einen Missbrauch des Kontaktformulars zu verhindern und die Sicherheit unserer informationstechnischen Systeme sicherzustellen.<span class=\"Apple-converted-space\">\u00a0<\/span><\/p>\n<p>3. Rechtsgrundlage f\u00fcr die Datenverarbeitung<span class=\"Apple-converted-space\">\u00a0<\/span><\/p>\n<p>Rechtsgrundlage f\u00fcr die Verarbeitung der Daten ist bei Vorliegen einer Einwilligung des Nutzers Art. 6 Abs. 1 S. 1 lit. a DSGVO.<span class=\"Apple-converted-space\">\u00a0<\/span><\/p>\n<p>Rechtsgrundlage f\u00fcr die Verarbeitung der Daten, die im Zuge einer \u00dcbersendung einer Email \u00fcbermittelt werden, ist Art. 6 Abs. 1 S. 1 lit. f DSGVO. Zielt der Email-Kontakt auf den Abschluss eines Vertrages ab, so ist zus\u00e4tzliche Rechtsgrundlage f\u00fcr die Verarbeitung Art. 6 Abs. 1 S. 1 lit. b DSGVO.<span class=\"Apple-converted-space\">\u00a0<\/span><\/p>\n<p>4. Dauer der Speicherung<span class=\"Apple-converted-space\">\u00a0<\/span><\/p>\n<p>Die Daten werden gel\u00f6scht, sobald sie f\u00fcr die Erreichung des Zweckes ihrer Erhebung nicht mehr erforderlich sind. F\u00fcr die personenbezogenen Daten aus der Eingabemaske des Kontaktformulars und diejenigen, die per Email \u00fcbersandt wurden, ist dies dann der Fall, wenn die jeweilige Konversation mit dem Nutzer beendet ist. Beendet ist die Konversation dann, wenn sich aus den Umst\u00e4nden entnehmen l\u00e4sst, dass der betroffene Sachverhalt abschlie\u00dfend gekl\u00e4rt ist.<span class=\"Apple-converted-space\">\u00a0<\/span><\/p>\n<p>Die w\u00e4hrend des Absendevorgangs zus\u00e4tzlich erhobenen personenbezogenen Daten werden sp\u00e4testens nach einer Frist von sieben Tagen gel\u00f6scht.<span class=\"Apple-converted-space\">\u00a0<\/span><\/p>\n<p>5. Widerspruchs- und Beseitigungsm\u00f6glichkeit<span class=\"Apple-converted-space\">\u00a0<\/span><\/p>\n<p>Der Nutzer hat jederzeit die M\u00f6glichkeit, seine Einwilligung zur Verarbeitung der personenbezogenen Daten zu widerrufen. Nimmt der Nutzer per Email Kontakt mit uns auf, so kann er der Speicherung seiner personenbezogenen Daten jederzeit widersprechen. In einem solchen Fall kann die Konversation nicht fortgef\u00fchrt werden.<span class=\"Apple-converted-space\">\u00a0<\/span><\/p>\n<p>Sie k\u00f6nnen Ihre Einwilligung jederzeit f\u00fcr die Zukunft per E-Mail an <a href=\"mailto:welcome@graphix-duesseldorf.de\">welcome@graphix-duesseldorf.de<\/a> widerrufen.<span class=\"Apple-converted-space\">\u00a0<\/span><\/p>\n<p>Alle personenbezogenen Daten, die im Zuge der Kontaktaufnahme gespeichert wurden, werden in diesem Fall gel\u00f6scht.<\/p>\n<hr \/>\n<p><b>X. Unternehmensauftritte<span class=\"Apple-converted-space\">\u00a0<\/span><\/b><\/p>\n<p>Nutzung von Unternehmensauftritten in sozialen Netzwerken<span class=\"Apple-converted-space\">\u00a0<\/span><\/p>\n<p><b>Instagram<span class=\"Apple-converted-space\">\u00a0<\/span><\/b><\/p>\n<p>Instagram, Part of Facebook Ireland Ltd., 4 Grand Canal Square Grand Canal Harbour, Dublin 2 Ireland<span class=\"Apple-converted-space\">\u00a0<\/span><\/p>\n<p>Auf unserer Unternehmensseite stellen wir Informationen bereit und bieten den Instagram \u2013 Nutzern die M\u00f6glichkeit der Kommunikation. Wenn sie auf unserem Instagram \u2013 Unternehmensauftritt eine Aktion durchf\u00fchren (bspw. Kommentare, Beitr\u00e4ge, Likes etc.) kann es sein, dass Sie dadurch personenbezogene Daten (bspw. Klarname oder Foto Ihres Nutzerprofils) \u00f6ffentlich machen. Da wir aber in der Regel bzw. zu gro\u00dfen Teilen keinen Einfluss auf die Verarbeitung Ihrer personenbezogenen Daten durch die f\u00fcr den Graphix D\u00fcsseldorf GmbH \u2013 Unternehmensauftritt mitverantwortlichen Unternehmen Instagram haben, k\u00f6nnen wir zu Zweck und Umfang der Verarbeitung Ihrer Daten keine verbindlichen Angaben machen.<span class=\"Apple-converted-space\">\u00a0<\/span><\/p>\n<p>Unser Unternehmensauftritt in sozialen Netzwerken wird f\u00fcr Kommunikation und Informationsaustausch mit (potenziellen) Kunden genutzt.<span class=\"Apple-converted-space\">\u00a0<\/span><\/p>\n<p>Dabei k\u00f6nnen die Ver\u00f6ffentlichungen \u00fcber den Unternehmensauftritt folgende Inhalte enthalten:<span class=\"Apple-converted-space\">\u00a0<\/span><\/p>\n<p>\u2022 Informationen \u00fcber Produkte<br \/>\u2022\u00a0Informationen \u00fcber Dienstleistungen<span class=\"Apple-converted-space\"><br \/>\u2022\u00a0<\/span>Gewinnspiele<br \/>\u2022 Werbung<br \/>\u2022 Kundenkontakt<\/p>\n<p>Es steht dabei jedem Nutzer frei, personenbezogene Daten durch Aktivit\u00e4ten zu ver\u00f6ffentlichen.<span class=\"Apple-converted-space\">\u00a0<\/span><\/p>\n<p>Rechtsgrundlage f\u00fcr die Datenverarbeitung ist Art. 6 Abs.1 S.1 lit. f DSGVO.<span class=\"Apple-converted-space\">\u00a0<\/span><\/p>\n<p>Die durch den Unternehmensauftritt generierten Daten werden nicht in unseren eigenen Systemen gespeichert.<span class=\"Apple-converted-space\">\u00a0<\/span><\/p>\n<p>Instagram hat sich dem zwischen der Europ\u00e4ischen Union und den USA geschlossenen Privacy-Shield-Abkommen unterworfen und sich zertifiziert. Dadurch verpflichtet sich Instagram, die Standards und Vorschriften des europ\u00e4ischen Datenschutzrechts einzuhalten. N\u00e4here Informationen k\u00f6nnen Sie dem nachfolgend verlinkten Eintrag entnehmen: <a href=\"https:\/\/www.privacyshield.gov\/participant?id=a2zt0000000GnywAAC&amp;status=Active\">https:\/\/www.privacyshield.gov\/participant?id=a2zt0000000GnywAAC&amp;status=Active<span class=\"Apple-converted-space\">\u00a0<\/span><\/a><\/p>\n<p>Sie k\u00f6nnen der Verarbeitung Ihrer personenbezogenen Daten, die wir im Rahmen Ihrer Nutzung unseres Instagram \u2013 Unternehmensauftritt erfassen, jederzeit<span class=\"Apple-converted-space\">\u00a0<\/span>widersprechen und Ihre unter IV. dieser Datenschutzerkl\u00e4rung genannten Betroffenenrechte geltend machen. Senden Sie uns dazu eine formlose Email an <a href=\"mailto:welcome@graphix-duesseldorf.de\">welcome@graphix-duesseldorf.de<\/a>. Zur Verarbeitung Ihrer personenbezogenen Daten durch Instagram und die entsprechenden Widerspruchsm\u00f6glichkeiten finden Sie weitere Informationen hier:<span class=\"Apple-converted-space\">\u00a0<\/span><\/p>\n<p>Instagram: <a href=\"https:\/\/help.instagram.com\/519522125107875\">https:\/\/help.instagram.com\/519522125107875<span class=\"Apple-converted-space\">\u00a0<\/span><\/a><\/p>\n<p><b>YouTube<span class=\"Apple-converted-space\">\u00a0<\/span><\/b><\/p>\n<p>YouTube LLC, 901 Cherry Ave., San Bruno, CA 94066, United States<span class=\"Apple-converted-space\">\u00a0<\/span><\/p>\n<p>Auf unserer Unternehmensseite stellen wir Informationen bereit und bieten den YouTube \u2013 Nutzern die M\u00f6glichkeit der Kommunikation. Wenn sie auf unserem YouTube \u2013 Unternehmensauftritt eine Aktion durchf\u00fchren (bspw. Kommentare, Beitr\u00e4ge, Likes etc.) kann es sein, dass Sie dadurch personenbezogene Daten (bspw. Klarname oder Foto Ihres Nutzerprofils) \u00f6ffentlich machen. Da wir aber in der Regel bzw. zu gro\u00dfen Teilen keinen Einfluss auf die Verarbeitung Ihrer personenbezogenen Daten durch die f\u00fcr den Graphix D\u00fcsseldorf GmbH \u2013 Unternehmensauftritt mitverantwortlichen Unternehmen YouTube haben, k\u00f6nnen wir zu Zweck und Umfang der Verarbeitung Ihrer Daten keine verbindlichen Angaben machen.<span class=\"Apple-converted-space\">\u00a0<\/span><\/p>\n<p>Unser Unternehmensauftritt in sozialen Netzwerken wird f\u00fcr Kommunikation und Informationsaustausch mit (potenziellen) Kunden genutzt.<span class=\"Apple-converted-space\">\u00a0<\/span><\/p>\n<p>Dabei k\u00f6nnen die Ver\u00f6ffentlichungen \u00fcber den Unternehmensauftritt folgende Inhalte enthalten:<span class=\"Apple-converted-space\">\u00a0<\/span><\/p>\n<p>\u2022 Informationen \u00fcber Produkte<br \/>\u2022 Informationen \u00fcber Dienstleistungen<br \/>\u2022 Gewinnspiele<span class=\"Apple-converted-space\"><br \/><\/span>\u2022 Werbung<span class=\"Apple-converted-space\"><br \/><\/span>\u2022 Kundenkontakt<\/p>\n<p>Es steht dabei jedem Nutzer frei, personenbezogene Daten durch Aktivit\u00e4ten zu ver\u00f6ffentlichen.<span class=\"Apple-converted-space\">\u00a0<\/span><\/p>\n<p>Rechtsgrundlage f\u00fcr die Datenverarbeitung ist Art. 6 Abs.1 S.1 lit. f DSGVO.<span class=\"Apple-converted-space\">\u00a0<\/span><\/p>\n<p>Die durch den Unternehmensauftritt generierten Daten werden nicht in unseren eigenen Systemen gespeichert.<span class=\"Apple-converted-space\">\u00a0<\/span><\/p>\n<p>YouTube hat sich dem zwischen der Europ\u00e4ischen Union und den USA geschlossenen Privacy-Shield-Abkommen unterworfen und sich zertifiziert. Dadurch verpflichtet sich\u00a0YouTube, die Standards und Vorschriften des europ\u00e4ischen Datenschutzrechts einzuhalten. N\u00e4here Informationen k\u00f6nnen Sie dem nachfolgend verlinkten Eintrag entnehmen: <a href=\"https:\/\/www.privacyshield.gov\/participant?id=a2zt000000001L5AAI&amp;status=Active\">https:\/\/www.privacyshield.gov\/participant?id=a2zt000000001L5AAI&amp;status=Active<span class=\"Apple-converted-space\">\u00a0<\/span><\/a><\/p>\n<p>Sie k\u00f6nnen der Verarbeitung Ihrer personenbezogenen Daten, die wir im Rahmen Ihrer Nutzung unseres YouTube \u2013 Unternehmensauftritt erfassen, jederzeit widersprechen und Ihre unter IV. dieser Datenschutzerkl\u00e4rung genannten Betroffenenrechte geltend machen. Senden Sie uns dazu eine formlose Email an <a href=\"mailto:welcome@graphix-duesseldorf.de\">welcome@graphix-duesseldorf.de<\/a>. Zur Verarbeitung Ihrer personenbezogenen Daten durch YouTube und die entsprechenden Widerspruchsm\u00f6glichkeiten finden Sie weitere Informationen hier:<span class=\"Apple-converted-space\">\u00a0<\/span><\/p>\n<p>YouTube: <a href=\"https:\/\/policies.google.com\/privacy?gl=DE&amp;hl=de\">https:\/\/policies.google.com\/privacy?gl=DE&amp;hl=de<\/a><\/p>\n<hr \/>\n<p><b>XI. Nutzung von Unternehmensauftritten in berufsorientierten Netzwerken<\/b><\/p>\n<p>1. Umfang der Datenverarbeitung<span class=\"Apple-converted-space\">\u00a0<\/span><\/p>\n<p>Wir nutzen die M\u00f6glichkeit von Unternehmensauftritten auf berufsorientierten Netzwerken. Auf folgenden berufsorientierten Netzwerken unterhalten wir einen Unternehmensauftritt:<span class=\"Apple-converted-space\">\u00a0<\/span><\/p>\n<p>LinkedIn:<br \/>LinkedIn, Unlimited Company Wilton Place, Dublin 2, Irleand<span class=\"Apple-converted-space\">\u00a0<\/span><\/p>\n<p>XING:<br \/>XING SE, Dammtorstra\u00dfe 30, 20354 Hamburg, Deutschland<span class=\"Apple-converted-space\">\u00a0<\/span><\/p>\n<p>Auf unserer Seite stellen wir Informationen bereit und bieten den Nutzern die M\u00f6glichkeit der Kommunikation.<span class=\"Apple-converted-space\">\u00a0<\/span><\/p>\n<p>Der Unternehmsauftritt wird f\u00fcr Bewerbungen, Informationen\/PR und Active Sourcing genutzt.<span class=\"Apple-converted-space\">\u00a0<\/span><\/p>\n<p>Zur Verarbeitung Ihrer personenbezogenen Daten durch die f\u00fcr den Unternehmensauftritt mitverantwortlichen Unternehmen liegen uns keine Angaben vor. Weitere Informationen dazu finden Sie in der Datenschutzerkl\u00e4rung von:<span class=\"Apple-converted-space\">\u00a0<\/span><\/p>\n<p>LinkedIn:<span class=\"Apple-converted-space\">\u00a0<\/span><a href=\"https:\/\/www.linkedin.com\/legal\/privacy-policy?trk=hb_ft_priv\">https:\/\/www.linkedin.com\/legal\/privacy-policy?trk=hb_ft_priv<span class=\"Apple-converted-space\">\u00a0<\/span><\/a><\/p>\n<p>XING:<span class=\"Apple-converted-space\">\u00a0<\/span><a href=\"https:\/\/privacy.xing.com\/de\/datenschutzerklaerung\">https:\/\/privacy.xing.com\/de\/datenschutzerklaerung<\/a><\/p>\n<p>Wenn sie auf unserem Unternehmensauftritt eine Aktion durchf\u00fchren (bspw. Kommentare, Beitr\u00e4ge, Likes etc.) kann es sein, dass Sie dadurch personenbezogene Daten (bspw. Klarname oder Foto Ihres Nutzerprofils) \u00f6ffentlich machen.<span class=\"Apple-converted-space\">\u00a0<\/span><\/p>\n<p>2. Rechtsgrundlage f\u00fcr die Datenverarbeitung<span class=\"Apple-converted-space\">\u00a0<\/span><\/p>\n<p>Die Rechtsgrundlage f\u00fcr die Verarbeitung Ihrer Daten im Zusammenhang mit der Nutzung unseres Unternehmensauftritts ist Art.6 Abs.1 S.1 lit.f DSGVO.<span class=\"Apple-converted-space\">\u00a0<\/span><\/p>\n<p>3. Zweck der Datenverarbeitung<span class=\"Apple-converted-space\">\u00a0<\/span><\/p>\n<p>Unser Unternehmensauftritt dient uns, die Nutzer \u00fcber unsere Dienstleistungen zu informieren. Dabei steht es jedem Nutzer frei, personenbezogene Daten durch Aktivit\u00e4ten zu ver\u00f6ffentlichen.<span class=\"Apple-converted-space\">\u00a0<\/span><\/p>\n<p>4. Dauer der Speicherung<span class=\"Apple-converted-space\">\u00a0<\/span><\/p>\n<p>Wir speichern Ihre \u00fcber unseren Unternehmensauftritt ver\u00f6ffentlichte Aktivit\u00e4ten und personenbezogenen Daten bis zum Widerruf der Einwilligung. Dar\u00fcber hinaus wahren wir die gesetzlichen Aufbewahrungsfristen.<span class=\"Apple-converted-space\">\u00a0<\/span><\/p>\n<p>5. Widerspruchs- und Beseitigungsm\u00f6glichkeit<span class=\"Apple-converted-space\">\u00a0<\/span><\/p>\n<p>Sie k\u00f6nnen der Verarbeitung Ihrer personenbezogenen Daten, die wir im Rahmen Ihrer Nutzung unseres Unternehmensauftritts erfassen, jederzeit widersprechen und Ihre unter IV. dieser Datenschutzerkl\u00e4rung genannten Betroffenenrechte geltend machen. Senden Sie uns dazu eine formlose Email an die in dieser Datenschutzerkl\u00e4rung genannte Email-Adresse.<span class=\"Apple-converted-space\">\u00a0<\/span><\/p>\n<p>Zudem hat LinkedIn sich dem zwischen der Europ\u00e4ischen Union und den USA geschlossenen Privacy-Shield-Abkommen unterworfen und sich zertifiziert. Dadurch verpflichtet sich LinkedIn, die Standards und Vorschriften des europ\u00e4ischen Datenschutzrechts einzuhalten. N\u00e4here Informationen k\u00f6nnen Sie dem nachfolgend verlinkten Eintrag entnehmen: <a href=\"https:\/\/www.privacyshield.gov\/participant?id=a2zt0000000L0UZAA0&amp;status=Active\">https:\/\/www.privacyshield.gov\/participant?id=a2zt0000000L0UZAA0&amp;status=Active<\/a><\/p>\n<p>Weitere Informationen zu Widerspruchs- und Beseitigungsm\u00f6glichkeiten finden Sie hier:<span class=\"Apple-converted-space\">\u00a0<\/span><\/p>\n<p>LinkedIn: <a href=\"https:\/\/www.linkedin.com\/legal\/privacy-policy?trk=hb_ft_priv\">https:\/\/www.linkedin.com\/legal\/privacy-policy?trk=hb_ft_priv<span class=\"Apple-converted-space\">\u00a0<\/span><\/a><\/p>\n<p>XING: <a href=\"https:\/\/privacy.xing.com\/de\/datenschutzerklaerung\">https:\/\/privacy.xing.com\/de\/datenschutzerklaerung<\/a><span class=\"Apple-converted-space\">\u00a0<\/span><\/p>\n<hr \/>\n<p><b>XII. Hosting<\/b><\/p>\n<p>Die Webseite wird auf eigenen Servern gehostet. Dritte erhalten auf Server-Log-Dateien keinen Zugriff.<span class=\"Apple-converted-space\">\u00a0<\/span><\/p>\n<p>Die Server erheben und speichern automatisch Informationen in sogenannten Server-Log-Dateien, die Ihr Browser beim Besuch der Webseite automatisch \u00fcbermittelt. Die gespeicherten Informationen sind:<span class=\"Apple-converted-space\">\u00a0<\/span><\/p>\n<p>\u2022 Browsertyp und Browserversion<span class=\"Apple-converted-space\"><br \/><\/span>\u2022 verwendetes Betriebssystem<span class=\"Apple-converted-space\"><br \/><\/span>\u2022 Referrer URL<span class=\"Apple-converted-space\"><br \/><\/span>\u2022 Hostname des zugreifenden Rechners<br \/>\u2022 Datum und Uhrzeit der Serveranfrage<span class=\"Apple-converted-space\"><br \/><\/span>\u2022 IP-Adresse<span class=\"Apple-converted-space\">\u00a0<\/span><\/p>\n<p>Eine Zusammenf\u00fchrung dieser Daten mit anderen Datenquellen wird nicht vorgenommen. Die Erfassung dieser Daten erfolgt auf Grundlage von Art. 6 Abs. 1 lit. f DSGVO. Der Webseitenbetreiber hat ein berechtigtes Interesse an der technisch fehlerfreien Darstellung und der Optimierung seiner Webseite \u2013 hierzu m\u00fcssen die Server-Log-Files erfasst werden.<span class=\"Apple-converted-space\">\u00a0<\/span><\/p>\n<p>Der Standort des Servers der Webseite liegt geografisch in Deutschland.<span class=\"Apple-converted-space\">\u00a0<\/span><\/p>\n<hr \/>\n<p><b>XIII. Verwendete Plugins<\/b><\/p>\n<p>Wir nutzen zu verschiedenen Zwecken Plugins. Die verwendeten Plugins sind im Folgenden aufgef\u00fchrt:<span class=\"Apple-converted-space\">\u00a0<\/span><\/p>\n<p><b>Einsatz von YouTube <\/b><\/p>\n<p>1. Umfang der Verarbeitung personenbezogener Daten<\/p>\n<p>Wir nutzen das von Google betriebene Plugin von YouTube, der YouTube LLC, 901<\/p>\n<p>Cherry Ave., San Bruno, CA 94066, USA und deren Vertreter in der Union Google Ireland Limited, Gordon House, Barrow Street, Dublin 4, Irland (Nachfolgend: Google genannt). Wir nutzen das Plugin von YouTube um Videos von YouTube auf unserer Onlinepr\u00e4senz einzubetten. Beim Besuch unserer Onlinepr\u00e4senz stellt Ihr Browser eine Verbindung mit den Servern von YouTube her. Es k\u00f6nnen dadurch personenbezogene Daten gespeichert und ausgewertet werden, vor allem die Aktivit\u00e4t des Nutzers (Insbesondere welche Seiten besucht worden sind und auf welche Elemente geklickt worden ist) sowie Ger\u00e4te- und Browserinformationen (Insbesondere die IP-Adresse und das Betriebssystem). Dabei k\u00f6nnen Daten auf Server von Google in den USA \u00fcbertragen werden. Google hat sich dem zwischen der Europ\u00e4ischen Union und den USA geschlossenen Privacy-Shield-Abkommen unterworfen und sich zertifiziert. Dadurch verpflichtet sich Google, die Standards und Vorschriften des europ\u00e4ischen Datenschutzrechts einzuhalten. N\u00e4here Informationen k\u00f6nnen Sie dem nachfolgend verlinkten Eintrag entnehmen: <a href=\"https:\/\/www.privacyshield.gov\/participant?id=a2zt000000001L5AAI&amp;status=Active\">https:\/\/www.privacyshield.gov\/participant?id=a2zt000000001L5AAI&amp;status=Active<\/a> Wir haben keinen Einfluss auf den Inhalt des Plug-Ins. Sofern Sie w\u00e4hrend des Besuchs in Ihrem YouTube-Account eingeloggt sind, kann YouTube Ihren Onlinepr\u00e4senzenbesuch diesem Konto zuordnen. Durch Interaktion mit diesem Plug-In werden diese entsprechenden Informationen direkt an YouTube \u00fcbermittelt und dort gespeichert. Weitere Informationen zur Erhebung und Speicherung der Daten durch Google erhalten Sie hier: <a href=\"https:\/\/policies.google.com\/privacy?gl=DE&amp;hl=de\">https:\/\/policies.google.com\/privacy?gl=DE&amp;hl=de<\/a><span class=\"Apple-converted-space\">\u00a0<\/span><\/p>\n<p>2. Zweck der Datenverarbeitung Die Verwendung des YouTube-PlugIns dient der Verbesserung der Nutzerfreundlichkeit und einer ansprechenden Darstellung unserer Onlinepr\u00e4senz.<span class=\"Apple-converted-space\">\u00a0<\/span><\/p>\n<p>3. Rechtsgrundlage f\u00fcr die Verarbeitung personenbezogener Daten Die Rechtsgrundlage f\u00fcr die Verarbeitung der personenbezogenen Daten der Nutzer ist Art. 6 Abs. 1 S.1 lit. f DSGVO. Unser berechtigtes Interesse liegt hierbei in den unter 2. genannten Zwecken der Datenverarbeitung.<span class=\"Apple-converted-space\">\u00a0<\/span><\/p>\n<p>4. Dauer der Speicherung Ihre pers\u00f6nlichen Informationen werden solange gespeichert, wie dies erforderlich ist, um die in dieser Datenschutzerkl\u00e4rung beschriebenen Zwecke zu erf\u00fcllen oder wie dies gesetzlich vorgeschrieben ist, z.B. f\u00fcr Steuer- und Buchhaltungszwecke.<\/p>\n<p>5. Widerspruchs- und Beseitigungsm\u00f6glichkeit Sie k\u00f6nnen die Erfassung sowie die Verarbeitung Ihrer personenbezogenen Daten durch Google verhindern, indem Sie die Speicherung von Cookies von Drittanbietern auf Ihrem Computer unterbinden, die \u201eDo Not Track\u201c-Funktion eines unterst\u00fctzenden Browsers nutzen, die Ausf\u00fchrung von Script-Code in Ihrem Browser deaktivieren oder einen Script-Blocker wie z.B. NoScript (<a href=\"https:\/\/ppg.dataguard.de\/privacy_policies\/www.noscript.net\">www.noscript.net<\/a>) oder Ghostery (<a href=\"https:\/\/ppg.dataguard.de\/privacy_policies\/www.ghostery.com\">www.ghostery.com<\/a>) in Ihrem Browser installieren. Mit dem nachfolgenden Link k\u00f6nnen Sie die Nutzung Ihrer personenbezogenen Daten durch Google deaktivieren: <a href=\"https:\/\/adssettings.google.de\/\">https:\/\/adssettings.google.de<\/a> Weitere Informationen zu Widerspruchs- und Beseitigungsm\u00f6glichkeiten gegen\u00fcber Google finden Sie unter: <a href=\"https:\/\/policies.google.com\/privacy?gl=DE&amp;hl=de\">https:\/\/policies.google.com\/privacy?gl=DE&amp;hl=de<\/a><span class=\"Apple-converted-space\">\u00a0<\/span><\/p>\n<hr \/>\n<p><b>Einsatz von Google Analytics<span class=\"Apple-converted-space\">\u00a0<\/span><\/b><\/p>\n<p>1. Umfang der Verarbeitung personenbezogener Daten:<br \/>Wir nutzen Google Analytics, einen Webanalysedienst der Google LLC, 1600 Amphitheatre Parkway, Mountain View, CA 94043, USA und dem Vertreter in der Union Google Ireland Ltd., Gordon House, Barrow Street, D04 E5W5, Dublin, Irland (nachfolgend: Google genannt). Google Analytics untersucht u. a. die Herkunft der Besucher, ihre Verweildauer auf einzelnen Seiten sowie die Nutzung von Suchmaschinen und erlaubt damit eine bessere Erfolgskontrolle von Werbekampagnen. Google setzt dabei ein Cookie auf Ihrem Computer. Es k\u00f6nnen dadurch personenbezogene Daten gespeichert und ausgewertet werden, vor allem die Aktivit\u00e4t des Nutzers (Insbesondere welche Seiten besucht worden sind und auf welche Elemente geklickt worden ist), Ger\u00e4te- und Browserinformationen (Insbesondere die IP-Adresse und das Betriebssystem), Daten \u00fcber die angezeigten Werbeanzeigen (Insbesondere welche Werbeanzeigen dargestellt wurden und ob der Nutzer darauf geklickt hat) und auch Daten von Werbepartnern (Insbesondere pseudonymisierte Nutzer-IDs). Die durch das Cookie erzeugten Informationen \u00fcber Ihre Benutzung dieser Onlinepr\u00e4senz werden an einen Server von Google in den USA \u00fcbertragen und dort gespeichert. Im Falle der Aktivierung der IP-Anonymisierung auf dieser Onlinepr\u00e4senz, wird Ihre IP-Adresse von Google jedoch innerhalb von Mitgliedstaaten der Europ\u00e4ischen Union oder in anderen Vertragsstaaten des Abkommens \u00fcber den Europ\u00e4ischen Wirtschaftsraum zuvor gek\u00fcrzt. Nur in Ausnahmef\u00e4llen wird die volle IP-Adresse an einen Server von Google in den USA\u00a0\u00fcbertragen und dort gek\u00fcrzt. Google hat sich dem zwischen der Europ\u00e4ischen Union und den USA geschlossenen Privacy-Shield-Abkommen unterworfen und sich zertifiziert. Dadurch verpflichtet sich Google, die Standards und Vorschriften des europ\u00e4ischen Datenschutzrechts einzuhalten. N\u00e4here Informationen k\u00f6nnen Sie dem nachfolgend verlinkten Eintrag entnehmen: <a href=\"https:\/\/www.privacyshield.gov\/participant?id=a2zt000000001L5AAI&amp;status=Active\">https:\/\/www.privacyshield.gov\/participant?id=a2zt000000001L5AAI&amp;status=Active<\/a><\/p>\n<p>Die IP-Anonymisierung ist auf dieser Onlinepr\u00e4senz aktiv. Im Auftrag des Betreibers dieser Onlinepr\u00e4senz wird Google diese Informationen benutzen, um Ihre Nutzung der Onlinepr\u00e4senz auszuwerten, um Reports \u00fcber die Aktivit\u00e4ten der Onlinepr\u00e4senz zusammenzustellen und um weitere mit der Nutzung der Onlinepr\u00e4senz und der Internetnutzung verbundene Dienstleistungen gegen\u00fcber dem Betreiber der Onlinepr\u00e4senz zu erbringen. Die im Rahmen von Google Analytics von Ihrem Browser \u00fcbermittelte IP-Adresse wird nicht mit anderen Daten von Google zusammengef\u00fchrt. Sie k\u00f6nnen die Speicherung der Cookies durch eine entsprechende Einstellung Ihrer Browser-Software verhindern; wir weisen Sie jedoch darauf hin, dass Sie in diesem Fall gegebenenfalls nicht s\u00e4mtliche Funktionen unserer Onlinepr\u00e4senz vollumf\u00e4nglich werden nutzen k\u00f6nnen. Weitere Informationen zur Erhebung und Speicherung der Daten durch Google erhalten Sie hier: <a href=\"https:\/\/policies.google.com\/privacy?gl=DE&amp;hl=de\">https:\/\/policies.google.com\/privacy?gl=DE&amp;hl=de<\/a><\/p>\n<p>2. Zweck der Datenverarbeitung:<br \/>Der Zweck der Verarbeitung der personenbezogenen Daten liegt in der gezielten Ansprache einer Zielgruppe, die bereits ein erstes Interesse durch den Seitenbesuch bekundet hat.<span class=\"Apple-converted-space\">\u00a0<\/span><\/p>\n<p>3. Rechtsgrundlage f\u00fcr die Verarbeitung personenbezogener Daten:<br \/>Die Rechtsgrundlage f\u00fcr die Verarbeitung ist Art.6 Abs. 1 S.1 lit. f DSGVO. Unser berechtigtes Interesse liegt hierbei in den unter 2. genannten Zwecken der Datenverarbeitung.<span class=\"Apple-converted-space\">\u00a0<\/span><\/p>\n<p>4. Dauer der Speicherung:<br \/>Ihre pers\u00f6nlichen Informationen werden solange gespeichert, wie dies erforderlich ist, um die in dieser Datenschutzerkl\u00e4rung beschriebenen Zwecke zu erf\u00fcllen oder wie dies gesetzlich vorgeschrieben ist. Werbedaten in Serverprotokollen werden<span class=\"Apple-converted-space\">\u00a0<\/span>anonymisiert, indem Google nach eigenen Angaben Teile der IP-Adresse und Cookie-Informationen nach 9 bzw. 18 Monaten l\u00f6scht.<span class=\"Apple-converted-space\">\u00a0<\/span><\/p>\n<p>5. Widerspruchs- und Beseitigungsm\u00f6glichkeit:<br \/>Sie k\u00f6nnen die Erfassung sowie die Verarbeitung Ihrer personenbezogenen Daten durch Google verhindern, indem Sie die Speicherung von Cookies von Drittanbietern auf Ihrem Computer unterbinden, die \u201eDo Not Track\u201c-Funktion eines unterst\u00fctzenden Browsers nutzen, die Ausf\u00fchrung von Script-Code in Ihrem Browser deaktivieren oder einen Script-Blocker wie z.B. NoScript (<a href=\"http:\/\/www.noscript.net\/\">www.noscript.net<\/a>) oder Ghostery (<a href=\"http:\/\/www.ghostery.com\/\">www.ghostery.com<\/a>) in Ihrem Browser installieren. Sie k\u00f6nnen dar\u00fcber hinaus die Erfassung der durch das Cookie erzeugten und auf Ihre Nutzung der Onlinepr\u00e4senz bezogenen Daten (inkl. Ihrer IP-Adresse) an Google sowie die Verarbeitung dieser Daten durch Google verhindern, indem sie das unter dem folgenden Link verf\u00fcgbare Browser-Plugin herunterladen und installieren: <a href=\"https:\/\/tools.google.com\/dlpage\/gaoptout?hl=de\">https:\/\/tools.google.com\/dlpage\/gaoptout?hl=de<\/a><\/p>\n<p>Mit dem nachfolgenden Link k\u00f6nnen Sie die Nutzung Ihrer personenbezogenen Daten durch Google deaktivieren:\u00a0<a href=\"https:\/\/adssettings.google.de\/\">https:\/\/adssettings.google.de<\/a><\/p>\n<p>Weitere Informationen zu Widerspruchs- und Beseitigungsm\u00f6glichkeiten gegen\u00fcber Google finden Sie unter: <a href=\"https:\/\/policies.google.com\/privacy?gl=DE&amp;hl=de\">https:\/\/policies.google.com\/privacy?gl=DE&amp;hl=de<\/a><\/p>\n<hr \/>\n<p><b>Einsatz von Google Maps<span class=\"Apple-converted-space\">\u00a0<\/span><\/b><\/p>\n<p>1. Umfang der Verarbeitung personenbezogener Daten Wir nutzen den Onlinekartendienst Google Maps der Google LLC, 1600 Amphitheatre Parkway, Mountain View, CA 94043, USA und dem Vertreter in der Union Google Ireland Ltd., Gordon House, Barrow Street, D04 E5W5, Dublin, Irland (Nachfolgend: Google genannt). Wir nutzen das Plugin von Google Maps um geographische Daten visuell darstellen und auf unserer Onlinepr\u00e4senz einbetten zu k\u00f6nnen. Durch die Nutzung von Google Maps auf unserer Onlinepr\u00e4senz werden Informationen \u00fcber die Nutzung unserer Onlinepr\u00e4senz, Ihre IP-Adresse und bei der Routenplanfunktion eingegebene Adressen an einen Google-Server in den USA \u00fcbermittelt und dort gespeichert. Google hat sich dem zwischen der Europ\u00e4ischen Union und den USA geschlossenen Privacy-Shield-Abkommen unterworfen und sich zertifiziert. Dadurch verpflichtet sich Google, die Standards und Vorschriften des europ\u00e4ischen Datenschutzrechts einzuhalten. N\u00e4here Informationen k\u00f6nnen Sie dem nachfolgend verlinkten Eintrag entnehmen:<span class=\"Apple-converted-space\">\u00a0<\/span><a href=\"https:\/\/www.privacyshield.gov\/participant?id=a2zt000000001L5AAI&amp;status=Active\">https:\/\/www.privacyshield.gov\/participant?id=a2zt000000001L5AAI&amp;status=Active<\/a><br \/>Weitere Informationen zur Erhebung und Speicherung der Daten durch Google erhalten Sie hier: <a href=\"https:\/\/policies.google.com\/privacy?gl=DE&amp;hl=de\">https:\/\/policies.google.com\/privacy?gl=DE&amp;hl=de<\/a><span class=\"Apple-converted-space\">\u00a0<\/span><\/p>\n<p>2. Zweck der Datenverarbeitung Die Verwendung des Google Maps-PlugIns dient der Verbesserung der Nutzerfreundlichkeit und einer ansprechenden Darstellung unserer Onlinepr\u00e4senz.<span class=\"Apple-converted-space\">\u00a0<\/span><\/p>\n<p>3. Rechtsgrundlage f\u00fcr die Verarbeitung personenbezogener Daten Die Rechtsgrundlage f\u00fcr die Verarbeitung ist Art.6 Abs.1 S.1 lit. f DSGVO. Unser berechtigtes Interesse liegt hierbei in den unter 2. genannten Zwecken der Datenverarbeitung.<span class=\"Apple-converted-space\">\u00a0<\/span><\/p>\n<p>4. Dauer der Speicherung Ihre pers\u00f6nlichen Informationen werden solange gespeichert, wie dies erforderlich ist, um die in dieser Datenschutzerkl\u00e4rung beschriebenen Zwecke zu erf\u00fcllen oder wie dies gesetzlich vorgeschrieben ist.<span class=\"Apple-converted-space\">\u00a0<\/span><\/p>\n<p>5. Widerspruchs- und Beseitigungsm\u00f6glichkeit Sie k\u00f6nnen die Erfassung sowie die Verarbeitung Ihrer personenbezogenen Daten durch Google verhindern, indem Sie die Speicherung von Cookies von Drittanbietern auf Ihrem Computer unterbinden, die \u201eDo Not Track\u201c-Funktion eines unterst\u00fctzenden Browsers nutzen, die Ausf\u00fchrung von Script-Code in Ihrem Browser deaktivieren oder einen Script-Blocker wie z.B. NoScript (<a href=\"http:\/\/www.noscript.net\/\">www.noscript.net<\/a>) oder Ghostery (<a href=\"http:\/\/www.ghostery.com\/\">www.ghostery.com<\/a>) in Ihrem Browser installieren.<span class=\"Apple-converted-space\">\u00a0<\/span><\/p>\n<p>Sie k\u00f6nnen die Erfassung Ihrer Daten durch Google Analytics verhindern, indem Sie auf folgenden Link klicken. Es wird ein Opt-Out-Cookie gesetzt, der die Erfassung Ihrer Daten bei zuk\u00fcnftigen Besuchen dieser Website verhindert:<span class=\"Apple-converted-space\">\u00a0<\/span><\/p>\n<p>Google Analytics deaktivieren<span class=\"Apple-converted-space\">\u00a0<\/span><\/p>\n<p>Mit dem nachfolgenden Link k\u00f6nnen Sie die Nutzung Ihrer personenbezogenen Daten durch Google deaktivieren: <a href=\"https:\/\/adssettings.google.de\/\">https:\/\/adssettings.google.de<span class=\"Apple-converted-space\">\u00a0<\/span><\/a><\/p>\n<p>Weitere Informationen zu Widerspruchs- und Beseitigungsm\u00f6glichkeiten gegen\u00fcber Google finden Sie unter: <a href=\"https:\/\/policies.google.com\/privacy?gl=DE&amp;hl=de\">https:\/\/policies.google.com\/privacy?gl=DE&amp;hl=de<span class=\"Apple-converted-space\">\u00a0<\/span><\/a><\/p>\n<hr \/>\n<p><b>Einsatz von Google Webfonts<span class=\"Apple-converted-space\">\u00a0<\/span><\/b><\/p>\n<p>1. Umfang der Verarbeitung personenbezogener Daten Wir nutzen Google Webfonts der Google LLC, 1600 Amphitheatre Parkway, Mountain View, CA 94043, USA und dem Vertreter in der Union Google Ireland Ltd., Gordon House, Barrow Street, D04 E5W5, Dublin, Irland (nachfolgend: Google genannt). Die Webfonts werden dabei beim Aufruf der Seite in den Cache des Browsers \u00fcbertragen, um sie f\u00fcr die optisch verbesserten Darstellung verschiedener Informationen nutzen zu k\u00f6nnen. Falls der Browser die Google Webfonts nicht unterst\u00fctzt oder den Zugriff unterbindet, wird der Text in einer Standardschrift angezeigt. Beim Aufruf der Seite werden beim Besucher keine Cookies gespeichert. Daten, die im Zusammenhang mit dem Seitenaufruf \u00fcbermittelt werden, werden auf ressourcenspezifische Domains wie <a href=\"http:\/\/fonts.googleapis.com\/\">fonts.googleapis.com<\/a> oder <a href=\"http:\/\/fonts.gstatic.com\/\">fonts.gstatic.com<\/a> gesendet. Es k\u00f6nnen dadurch personenbezogene Daten gespeichert und ausgewertet werden, vor allem die Aktivit\u00e4t des Nutzers (Insbesondere welche Seiten besucht worden sind und auf welche Elemente geklickt worden ist) und Ger\u00e4te- und Browserinformationen (Insbesondere die IP-Adresse und das Betriebssystem). Dabei k\u00f6nnen Daten auf Server von Google in den USA \u00fcbertragen werden. Google hat sich dem zwischen der Europ\u00e4ischen Union und den USA geschlossenen Privacy-Shield-Abkommen unterworfen und sich zertifiziert. Dadurch verpflichtet sich Google, die Standards und Vorschriften des europ\u00e4ischen Datenschutzrechts einzuhalten. N\u00e4here Informationen k\u00f6nnen Sie dem nachfolgend verlinkten Eintrag entnehmen:<a href=\"https:\/\/www.privacyshield.gov\/participant?id=a2zt000000001L5AAI&amp;status=Active\"> https:\/\/www.privacyshield.gov\/participant?id=a2zt000000001L5AAI&amp;status=Active<\/a><br \/>Die Daten werden nicht mit Daten in Verbindung gebracht, die ggf. im Zusammenhang mit der parallelen Nutzung von authentifizierten Google-Diensten wie Gmail erhoben oder genutzt werden. Weitere Informationen zur Erhebung und Speicherung der Daten durch Google erhalten Sie hier: <a href=\"https:\/\/policies.google.com\/privacy?gl=DE&amp;hl=de\">https:\/\/policies.google.com\/privacy?gl=DE&amp;hl=de<\/a><span class=\"Apple-converted-space\">\u00a0<\/span><\/p>\n<p>2. Zweck der Datenverarbeitung Der Einsatz von Google Webfonts dient einer ansprechenden Darstellung unserer Texte. Wenn ihr Browser diese Funktion nicht unterst\u00fctzt, wird eine Standardschrift von ihrem Computer zur Anzeige genutzt.<\/p>\n<p>3. Rechtsgrundlage f\u00fcr die Verarbeitung personenbezogener Daten Rechtsgrundlage f\u00fcr die Datenverarbeitung ist Art. 6 Abs.1 lit. f DSGVO. Unser berechtigtes Interesse liegt hierbei in den unter 2. genannten Zwecken der Datenverarbeitung.<span class=\"Apple-converted-space\">\u00a0<\/span><\/p>\n<p>4. Dauer der Speicherung Ihre pers\u00f6nlichen Informationen werden solange gespeichert, wie dies erforderlich ist, um die in dieser Datenschutzerkl\u00e4rung beschriebenen Zwecke zu erf\u00fcllen oder wie dies gesetzlich vorgeschrieben ist, z.B. f\u00fcr Steuer- und Buchhaltungszwecke.<span class=\"Apple-converted-space\">\u00a0<\/span><\/p>\n<p>5. Widerspruchs- und Beseitigungsm\u00f6glichkeit Sie k\u00f6nnen die Erfassung sowie die Verarbeitung Ihrer personenbezogenen Daten durch Google verhindern, indem Sie die Speicherung von Cookies von Drittanbietern auf Ihrem Computer unterbinden, die \u201eDo Not Track\u201c-Funktion eines unterst\u00fctzenden Browsers nutzen, die Ausf\u00fchrung von Script-Code in Ihrem Browser deaktivieren oder einen Script-Blocker wie z.B. NoScript (<a href=\"http:\/\/www.noscript.net\/\">www.noscript.net<\/a>) oder Ghostery (<a href=\"http:\/\/www.ghostery.com\/\">www.ghostery.com<\/a>) in Ihrem Browser installieren. Mit dem nachfolgenden Link k\u00f6nnen Sie die Nutzung Ihrer personenbezogenen Daten durch Google deaktivieren: <a href=\"https:\/\/adssettings.google.de\/\">https:\/\/adssettings.google.de<\/a> Weitere Informationen zu Widerspruchs- und Beseitigungsm\u00f6glichkeiten gegen\u00fcber Google finden Sie unter: <a href=\"https:\/\/policies.google.com\/privacy?gl=DE&amp;hl=de\">https:\/\/policies.google.com\/privacy?gl=DE&amp;hl=de<span class=\"Apple-converted-space\">\u00a0<\/span><\/a><\/p>\n<hr \/>\n<p><b>Einsatz von CleverReach<span class=\"Apple-converted-space\">\u00a0<\/span><\/b><\/p>\n<p>1. Umfang der Verarbeitung personenbezogener Daten Wir nutzen zum Versand unseres Newsletters die Software CleverReach, welches von der CleverReach GmbH &amp; Co. KG, M\u00fchlenstra\u00dfe 43, 26180 Rastede, Deutschland (Nachfolgend: CleverReach genannt) betrieben wird. CleverReach ist ein Anbieter f\u00fcr E-Mail-Marketing und erm\u00f6glicht uns die Direktkommunikation mit potentiellen Kunden per Email-Newslettern. Wenn Sie sich f\u00fcr den Newsletter registrieren, werden die von Ihnen eingegebenen Daten, die Sie bei der Newsletter-Registrierung angeben, an CleverReach \u00fcbertragen und dort gespeichert. Es k\u00f6nnen dadurch weitere personenbezogene Daten gespeichert und ausgewertet werden, vor allem die Aktivit\u00e4t des Nutzers (Insbesondere welche Seiten besucht worden sind und auf\u00a0welche Elemente geklickt worden ist) und Ger\u00e4te- und Browserinformationen (Insbesondere die IP-Adresse und das Betriebssystem). Dazu werden Ihre Daten auch von CleverReach gespeichert. Ihre Daten werden f\u00fcr den Bezug des Newsletters nicht an Dritte weitergegeben und CleverReach erlangt auch kein Recht zur Weitergabe Ihrer Daten. Weitere Informationen zur Erhebung und Speicherung der Daten durch CleverReach erhalten Sie hier: <a href=\"https:\/\/www.cleverreach.com\/de\/datenschutz\/\">https:\/\/www.cleverreach.com\/de\/datenschutz\/<\/a><span class=\"Apple-converted-space\">\u00a0<\/span><\/p>\n<p>2. Zweck der Datenverarbeitung Die Nutzung desCleverReach Plug-Ins dient der Akquise von Neukunden f\u00fcr unseren Newsletter, sowie der Erstellung, dem Versand und der Analyse von Newsletter-Kampagnen.<span class=\"Apple-converted-space\">\u00a0<\/span><\/p>\n<p>3. Rechtsgrundlage f\u00fcr die Verarbeitung personenbezogener Daten Rechtsgrundlage f\u00fcr die Verarbeitung der personenbezogenen Daten der Nutzer ist grunds\u00e4tzlich Art. 6 Abs. 1 S.1 lit. a DSGVO. Unser berechtigtes Interesse liegt hierbei in den unter 2. genannten Zwecken der Datenverarbeitung. Wenn vertraglich festgelegt dann gilt auch Art. 6 Abs. 1 S. 1 lit. b DSGVO.<span class=\"Apple-converted-space\">\u00a0<\/span><\/p>\n<p>4. Dauer der Speicherung Die Daten werden solange gespeichert und ausgewertet, bis der Verarbeitung der Daten widersprochen wird bzw. der Empfang des Newsletters seitens des Empf\u00e4ngers eingestellt wird.<span class=\"Apple-converted-space\">\u00a0<\/span><\/p>\n<p>5. Widersrufs- und Beseitigungsm\u00f6glichkeit Ihre Einwilligung zur Speicherung der Daten, sowie deren Nutzung zum Versand des Newsletters durch CleverReach k\u00f6nnen Sie jederzeit widerrufen. Ihren Widerruf k\u00f6nnen Sie jederzeit per Email an <a href=\"mailto:info@cleverreach.com\">info@cleverreach.com<\/a> bzw. durch einen Klick auf den in jedem Newsletter bereitgestellten Link aus\u00fcben. Weitere Informationen zu Widerspruchs- und Beseitigungsm\u00f6glichkeiten gegen\u00fcber CleverReach finden Sie unter: <a href=\"https:\/\/www.cleverreach.com\/de\/datenschutz\/\">https:\/\/www.cleverreach.com\/de\/datenschutz\/<span class=\"Apple-converted-space\">\u00a0<\/span><\/a><\/p>\n<hr \/>\n<p><b>Einsatz von Contact Form 7<span class=\"Apple-converted-space\">\u00a0<\/span><\/b><\/p>\n<p>1. Umfang der Verarbeitung personenbezogener Daten Wir nutzen das WordPress Plugin Contact Form 7 der RockLobster LLC., Sakai 810-0001 Fukuoka Prefecture Chuo-ku Tenjin 1-chome 8-1, Fukuoka City Hall, Japan (Nachfolgend: RockLobster)zur Verwaltung von Kontaktformularen auf unserer Onlinepr\u00e4senz. Eingetragene Formulardaten werden per Email \u00fcbertragen. Es k\u00f6nnen dadurch personenbezogene Daten gespeichert und ausgewertet werden, vor allem die Aktivit\u00e4t des Nutzers (Insbesondere welche Seiten besucht worden sind und auf welche Elemente geklickt worden ist) und Ger\u00e4te- und Browserinformationen (Insbesondere die IP-Adresse und das Betriebssystem). Dabei k\u00f6nnen Daten auf Server von RockLobster in Japan \u00fcbermittelt werden. Bez\u00fcglich Japan besteht ein Angemessenheitsbeschluss der Europ\u00e4ischen Union. Sie finden diesen hier: <a href=\"https:\/\/eur-lex.europa.eu\/legal-content\/DE\/TXT\/?uri=OJ:L:2019:076:TOC\">https:\/\/eur-lex.europa.eu\/legal-content\/DE\/TXT\/?uri=OJ:L:2019:076:TOC<\/a><br \/>Weitere Informationen zur Erhebung und Speicherung der Daten durch Contact Form 7 erhalten Sie hier: <a href=\"https:\/\/contactform7.com\/privacy-policy\/\">https:\/\/contactform7.com\/privacy-policy\/<span class=\"Apple-converted-space\">\u00a0<\/span><\/a><\/p>\n<p>2. Zweck der Datenverarbeitung Die Nutzung des Contact Form 7 Plugins dient der Verbesserung der Nutzerfreundlichkeit unserer Onlinepr\u00e4senz. Wir nutzen dieses Plug-In, um Kontaktformulare einfach erstellen, einbinden und ansprechend darstellen zu k\u00f6nnen.<span class=\"Apple-converted-space\">\u00a0<\/span><\/p>\n<p>3. Rechtsgrundlage f\u00fcr die Verarbeitung personenbezogener Daten Rechtsgrundlage f\u00fcr die Datenverarbeitung ist Art. 6 Abs.1 S.1 lit. f DSGVO. Unser berechtigtes Interesse liegt hierbei in den unter 2. genannten Zwecken der Datenverarbeitung.<span class=\"Apple-converted-space\">\u00a0<\/span><\/p>\n<p>4. Dauer der Speicherung Ihre pers\u00f6nlichen Informationen werden solange gespeichert, wie dies erforderlich ist, um die in dieser Datenschutzerkl\u00e4rung beschriebenen Zwecke zu erf\u00fcllen oder wie dies gesetzlich vorgeschrieben ist, z.B. f\u00fcr Steuer- und Buchhaltungszwecke.<span class=\"Apple-converted-space\">\u00a0<\/span><\/p>\n<p>5. Widerspruchs- und Beseitigungsm\u00f6glichkeit Sie k\u00f6nnen die Erfassung sowie die Verarbeitung Ihrer personenbezogenen Daten durch Contact Form 7 verhindern, indem Sie die Speicherung von Cookies von Drittanbietern auf Ihrem Computer unterbinden, die \u201eDo Not Track\u201c-Funktion eines<span class=\"Apple-converted-space\">\u00a0<\/span>unterst\u00fctzenden Browsers nutzen, die Ausf\u00fchrung von Script-Code in Ihrem Browser deaktivieren oder einen Script-Blocker wie z.B. NoScript (<a href=\"http:\/\/www.noscript.net\/\">www.noscript.net<\/a>) oder Ghostery (<a href=\"http:\/\/www.ghostery.com\/\">www.ghostery.com<\/a>) in Ihrem Browser installieren. Weitere Informationen zu Widerspruchs- und Beseitigungsm\u00f6glichkeiten gegen\u00fcber Contact Form 7 finden Sie unter: <a href=\"https:\/\/contactform7.com\/privacy-policy\/\">https:\/\/contactform7.com\/privacy-policy\/<span class=\"Apple-converted-space\">\u00a0<\/span><\/a><\/p>\n<p>Diese Datenschutzerkl\u00e4rung wurde mit Unterst\u00fctzung von <a href=\"https:\/\/www.dataguard.de\/\">DataGuard<\/a> erstellt<span class=\"Apple-converted-space\">\u00a0<\/span><\/p>\n<\/div>\n<!-- \/wp:paragraph -->\t\t\t\t\t<\/div>\n\t\t\t\t\t\t<\/div>\n\t\t\t\t<\/div>\n\t\t\t\t<div class=\"elementor-element elementor-element-0b83127 elementor-widget elementor-widget-button\" data-id=\"0b83127\" data-element_type=\"widget\" data-widget_type=\"button.default\">\n\t\t\t\t<div class=\"elementor-widget-container\">\n\t\t\t\t\t<div class=\"elementor-button-wrapper\">\n\t\t\t<a href=\"https:\/\/graphix.muensterland.works\/index.php\/hautzentrum-duelmen-ausbildung\/\" class=\"elementor-button-link elementor-button elementor-size-sm\" role=\"button\">\n\t\t\t\t\t\t<span class=\"elementor-button-content-wrapper\">\n\t\t\t\t\t\t<span class=\"elementor-button-text\">Zur\u00fcck zur Startseite<\/span>\n\t\t<\/span>\n\t\t\t\t\t<\/a>\n\t\t<\/div>\n\t\t\t\t<\/div>\n\t\t\t\t<\/div>\n\t\t\t\t\t\t<\/div>\n\t\t\t\t\t<\/div>\n\t\t<\/div>\n\t\t\t\t\t\t\t\t<\/div>\n\t\t\t\t\t<\/div>\n\t\t<\/section>\n\t\t\t\t\t\t\t\t\t<\/div>\n\t\t\t<\/div>\n\t\t\t\t\t<\/div>\n\t\t","protected":false},"excerpt":{"rendered":"<p>Zur\u00fcck zur Startseite Datenschutzerkl\u00e4rung \u00a0 \u00a0Stand: Juni 2019 \u00a0I. Name und Anschrift des Verantwortlichen\u00a0 Der Verantwortliche im Sinne der Datenschutz-Grundverordnung und anderer nationaler Datenschutzgesetze der Mitgliedstaaten sowie sonstiger datenschutzrechtlicher Bestimmungen ist die:\u00a0 Graphix D\u00fcsseldorf GmbHKaistra\u00dfe 540221 D\u00fcsseldorfDeutschland0211 94 250 100welcome@graphix-duesseldorf.dehttps:\/\/www.graphix-duesseldorf.de\u00a0 II. Kontaktdaten des Datenschutzbeauftragten\u00a0 Der Datenschutzbeauftragte des Verantwortlichen ist:\u00a0 DataCo GmbHDachauer Stra\u00dfe 6580335 M\u00fcnchenDeutschland+49 89 [&hellip;]<\/p>\n","protected":false},"author":1,"featured_media":0,"parent":0,"menu_order":0,"comment_status":"closed","ping_status":"closed","template":"elementor_canvas","meta":{"footnotes":""},"class_list":["post-284","page","type-page","status-publish","hentry"],"_links":{"self":[{"href":"https:\/\/graphix.muensterland.works\/index.php\/wp-json\/wp\/v2\/pages\/284","targetHints":{"allow":["GET"]}}],"collection":[{"href":"https:\/\/graphix.muensterland.works\/index.php\/wp-json\/wp\/v2\/pages"}],"about":[{"href":"https:\/\/graphix.muensterland.works\/index.php\/wp-json\/wp\/v2\/types\/page"}],"author":[{"embeddable":true,"href":"https:\/\/graphix.muensterland.works\/index.php\/wp-json\/wp\/v2\/users\/1"}],"replies":[{"embeddable":true,"href":"https:\/\/graphix.muensterland.works\/index.php\/wp-json\/wp\/v2\/comments?post=284"}],"version-history":[{"count":7,"href":"https:\/\/graphix.muensterland.works\/index.php\/wp-json\/wp\/v2\/pages\/284\/revisions"}],"predecessor-version":[{"id":406,"href":"https:\/\/graphix.muensterland.works\/index.php\/wp-json\/wp\/v2\/pages\/284\/revisions\/406"}],"wp:attachment":[{"href":"https:\/\/graphix.muensterland.works\/index.php\/wp-json\/wp\/v2\/media?parent=284"}],"curies":[{"name":"wp","href":"https:\/\/api.w.org\/{rel}","templated":true}]}}